[{"id":14888,"date":"2026-09-03T14:05:49","date_gmt":"2026-09-03T21:05:49","guid":{"rendered":"https:\/\/mesatemple.org\/?post_type=tribe_events&#038;p=14888"},"modified":"2026-09-03T14:06:27","modified_gmt":"2026-09-03T21:06:27","slug":"sunday-evening-recital-series-studio-of-jennie-rhodes-september-17-2026","status":"publish","type":"tribe_events","link":"https:\/\/mesatemple.org\/es\/event\/sunday-evening-recital-series-studio-of-jennie-rhodes-september-17-2026\/","title":{"rendered":"Ciclo de recitales dominicales vespertinos: Estudio de Jennie Rhodes \u2013 27 de septiembre de 2026"},"content":{"rendered":"<p><span style=\"font-weight: 400;\">El estudio de Jennie Rhodes est\u00e1 formado por violinistas adultos que comenzaron a tocar de ni\u00f1os y que, o bien continuaron su formaci\u00f3n, o bien retomaron la m\u00fasica m\u00e1s adelante, encontr\u00e1ndola tan gratificante ahora como entonces. Muchos participan activamente en la vida musical de la regi\u00f3n, desempe\u00f1\u00e1ndose como directores de orquestas escolares, profesores particulares, miembros de orquestas comunitarias y regionales, int\u00e9rpretes independientes y m\u00fasicos de iglesia. El programa del domingo presentar\u00e1 obras cl\u00e1sicas y sacras, reflejando la destreza y la profundidad que estos int\u00e9rpretes aportan a su m\u00fasica. Jennie aporta m\u00e1s de 25 a\u00f1os de experiencia como int\u00e9rprete y profesora a su trabajo con estos m\u00fasicos, dedicada al principio fundamental que reafirma este recital: que el desarrollo musical valioso no se limita a la infancia, y que las recompensas del crecimiento art\u00edstico, la interpretaci\u00f3n y la comunidad se profundizan con la pr\u00e1ctica constante.<\/span><\/p>\n<p><img fetchpriority=\"high\" decoding=\"async\" class=\"alignnone size-medium wp-image-14890\" src=\"https:\/\/mesatemple.org\/wp-content\/uploads\/2026\/09\/Jennie-Rhodes-website-300x169.png\" alt=\"\" width=\"300\" height=\"169\" srcset=\"https:\/\/mesatemple.org\/wp-content\/uploads\/2026\/09\/Jennie-Rhodes-website-300x169.png 300w, https:\/\/mesatemple.org\/wp-content\/uploads\/2026\/09\/Jennie-Rhodes-website-1024x576.png 1024w, https:\/\/mesatemple.org\/wp-content\/uploads\/2026\/09\/Jennie-Rhodes-website-768x432.png 768w, https:\/\/mesatemple.org\/wp-content\/uploads\/2026\/09\/Jennie-Rhodes-website-18x10.png 18w, https:\/\/mesatemple.org\/wp-content\/uploads\/2026\/09\/Jennie-Rhodes-website.png 1152w\" sizes=\"(max-width: 300px) 100vw, 300px\" \/><\/p>","protected":false},"excerpt":{"rendered":"<p>Jennie Rhodes&#8217; studio comprises adult violinists who began playing as children and either continued their training or returned to it later in life\u2014finding it as rewarding now as it was [&hellip;]<\/p>\n","protected":false},"author":30,"featured_media":14890,"template":"","meta":{"_tribe_events_status":"","_tribe_events_status_reason":"","footnotes":""},"tags":[179],"tribe_events_cat":[88,119,90],"class_list":["post-14888","tribe_events","type-tribe_events","status-publish","has-post-thumbnail","hentry","tag-mesa-temple-visitors-center-2","tribe_events_cat-mesa-temple","tribe_events_cat-sunday-evening-recitals","tribe_events_cat-visitors-center","cat_mesa-temple","cat_sunday-evening-recitals","cat_visitors-center","entry"],"yoast_head":"<!-- This site is optimized with the Yoast SEO plugin v28.4 - https:\/\/yoast.com\/product\/yoast-seo-wordpress\/ -->\n<title>Sunday Evening Recital Series: Studio of Jennie Rhodes - September 27, 2026 - MesaTemple.org<\/title>\n<meta name=\"robots\" content=\"index, follow, max-snippet:-1, max-image-preview:large, max-video-preview:-1\" \/>\n<link rel=\"canonical\" href=\"https:\/\/mesatemple.org\/es\/evento\/sunday-evening-recital-series-studio-of-jennie-rhodes-september-17-2026\/\" \/>\n<meta property=\"og:locale\" content=\"es_MX\" \/>\n<meta property=\"og:type\" content=\"article\" \/>\n<meta property=\"og:title\" content=\"Sunday Evening Recital Series: Studio of Jennie Rhodes - September 27, 2026 - MesaTemple.org\" \/>\n<meta property=\"og:description\" content=\"Jennie Rhodes&#8217; studio comprises adult violinists who began playing as children and either continued their training or returned to it later in life\u2014finding it as rewarding now as it was [&hellip;]\" \/>\n<meta property=\"og:url\" content=\"https:\/\/mesatemple.org\/es\/evento\/sunday-evening-recital-series-studio-of-jennie-rhodes-september-17-2026\/\" \/>\n<meta property=\"og:site_name\" content=\"MesaTemple.org\" \/>\n<meta property=\"article:modified_time\" content=\"2026-09-03T21:06:27+00:00\" \/>\n<meta property=\"og:image\" content=\"https:\/\/mesatemple.org\/wp-content\/uploads\/2026\/09\/Jennie-Rhodes-website.png\" \/>\n\t<meta property=\"og:image:width\" content=\"1152\" \/>\n\t<meta property=\"og:image:height\" content=\"648\" \/>\n\t<meta property=\"og:image:type\" content=\"image\/png\" \/>\n<meta name=\"twitter:card\" content=\"summary_large_image\" \/>\n<meta name=\"twitter:label1\" content=\"Tiempo de lectura\" \/>\n\t<meta name=\"twitter:data1\" content=\"1 minuto\" \/>\n<script type=\"application\/ld+json\" class=\"yoast-schema-graph\">{\"@context\":\"https:\\\/\\\/schema.org\",\"@graph\":[{\"@type\":\"WebPage\",\"@id\":\"https:\\\/\\\/mesatemple.org\\\/event\\\/sunday-evening-recital-series-studio-of-jennie-rhodes-september-17-2026\\\/\",\"url\":\"https:\\\/\\\/mesatemple.org\\\/event\\\/sunday-evening-recital-series-studio-of-jennie-rhodes-september-17-2026\\\/\",\"name\":\"Sunday Evening Recital Series: Studio of Jennie Rhodes - September 27, 2026 - MesaTemple.org\",\"isPartOf\":{\"@id\":\"https:\\\/\\\/mesatemple.org\\\/#website\"},\"primaryImageOfPage\":{\"@id\":\"https:\\\/\\\/mesatemple.org\\\/event\\\/sunday-evening-recital-series-studio-of-jennie-rhodes-september-17-2026\\\/#primaryimage\"},\"image\":{\"@id\":\"https:\\\/\\\/mesatemple.org\\\/event\\\/sunday-evening-recital-series-studio-of-jennie-rhodes-september-17-2026\\\/#primaryimage\"},\"thumbnailUrl\":\"https:\\\/\\\/mesatemple.org\\\/wp-content\\\/uploads\\\/2026\\\/09\\\/Jennie-Rhodes-website.png\",\"datePublished\":\"2026-09-03T21:05:49+00:00\",\"dateModified\":\"2026-09-03T21:06:27+00:00\",\"breadcrumb\":{\"@id\":\"https:\\\/\\\/mesatemple.org\\\/event\\\/sunday-evening-recital-series-studio-of-jennie-rhodes-september-17-2026\\\/#breadcrumb\"},\"inLanguage\":\"es\",\"potentialAction\":[{\"@type\":\"ReadAction\",\"target\":[\"https:\\\/\\\/mesatemple.org\\\/event\\\/sunday-evening-recital-series-studio-of-jennie-rhodes-september-17-2026\\\/\"]}]},{\"@type\":\"ImageObject\",\"inLanguage\":\"es\",\"@id\":\"https:\\\/\\\/mesatemple.org\\\/event\\\/sunday-evening-recital-series-studio-of-jennie-rhodes-september-17-2026\\\/#primaryimage\",\"url\":\"https:\\\/\\\/mesatemple.org\\\/wp-content\\\/uploads\\\/2026\\\/09\\\/Jennie-Rhodes-website.png\",\"contentUrl\":\"https:\\\/\\\/mesatemple.org\\\/wp-content\\\/uploads\\\/2026\\\/09\\\/Jennie-Rhodes-website.png\",\"width\":1152,\"height\":648},{\"@type\":\"BreadcrumbList\",\"@id\":\"https:\\\/\\\/mesatemple.org\\\/event\\\/sunday-evening-recital-series-studio-of-jennie-rhodes-september-17-2026\\\/#breadcrumb\",\"itemListElement\":[{\"@type\":\"ListItem\",\"position\":1,\"name\":\"Home\",\"item\":\"https:\\\/\\\/mesatemple.org\\\/\"},{\"@type\":\"ListItem\",\"position\":2,\"name\":\"Events\",\"item\":\"https:\\\/\\\/mesatemple.org\\\/ko\\\/event-calendar\\\/\"},{\"@type\":\"ListItem\",\"position\":3,\"name\":\"Sunday Evening Recital Series: Studio of Jennie Rhodes &#8211; September 27, 2026\"}]},{\"@type\":\"WebSite\",\"@id\":\"https:\\\/\\\/mesatemple.org\\\/#website\",\"url\":\"https:\\\/\\\/mesatemple.org\\\/\",\"name\":\"MesaTemple.org\",\"description\":\"Feel Welcome. Feel the Spirit. Feel Inspired.\",\"publisher\":{\"@id\":\"https:\\\/\\\/mesatemple.org\\\/#organization\"},\"potentialAction\":[{\"@type\":\"SearchAction\",\"target\":{\"@type\":\"EntryPoint\",\"urlTemplate\":\"https:\\\/\\\/mesatemple.org\\\/?s={search_term_string}\"},\"query-input\":{\"@type\":\"PropertyValueSpecification\",\"valueRequired\":true,\"valueName\":\"search_term_string\"}}],\"inLanguage\":\"es\"},{\"@type\":\"Organization\",\"@id\":\"https:\\\/\\\/mesatemple.org\\\/#organization\",\"name\":\"MesaTemple.org\",\"url\":\"https:\\\/\\\/mesatemple.org\\\/\",\"logo\":{\"@type\":\"ImageObject\",\"inLanguage\":\"es\",\"@id\":\"https:\\\/\\\/mesatemple.org\\\/#\\\/schema\\\/logo\\\/image\\\/\",\"url\":\"https:\\\/\\\/mesatemple.org\\\/wp-content\\\/uploads\\\/2025\\\/07\\\/Mesa-Temple-Events-Logo-Color-3.webp\",\"contentUrl\":\"https:\\\/\\\/mesatemple.org\\\/wp-content\\\/uploads\\\/2025\\\/07\\\/Mesa-Temple-Events-Logo-Color-3.webp\",\"width\":1920,\"height\":797,\"caption\":\"MesaTemple.org\"},\"image\":{\"@id\":\"https:\\\/\\\/mesatemple.org\\\/#\\\/schema\\\/logo\\\/image\\\/\"}}]}<\/script>\n<!-- \/ Yoast SEO plugin. -->","yoast_head_json":{"title":"Ciclo de recitales dominicales vespertinos: Estudio de Jennie Rhodes - 27 de septiembre de 2026 - MesaTemple.org","robots":{"index":"index","follow":"follow","max-snippet":"max-snippet:-1","max-image-preview":"max-image-preview:large","max-video-preview":"max-video-preview:-1"},"canonical":"https:\/\/mesatemple.org\/es\/evento\/sunday-evening-recital-series-studio-of-jennie-rhodes-september-17-2026\/","og_locale":"es_MX","og_type":"article","og_title":"Sunday Evening Recital Series: Studio of Jennie Rhodes - September 27, 2026 - MesaTemple.org","og_description":"Jennie Rhodes&#8217; studio comprises adult violinists who began playing as children and either continued their training or returned to it later in life\u2014finding it as rewarding now as it was [&hellip;]","og_url":"https:\/\/mesatemple.org\/es\/evento\/sunday-evening-recital-series-studio-of-jennie-rhodes-september-17-2026\/","og_site_name":"MesaTemple.org","article_modified_time":"2026-09-03T21:06:27+00:00","og_image":[{"width":1152,"height":648,"url":"https:\/\/mesatemple.org\/wp-content\/uploads\/2026\/09\/Jennie-Rhodes-website.png","type":"image\/png"}],"twitter_card":"summary_large_image","twitter_misc":{"Tiempo de lectura":"1 minuto"},"schema":{"@context":"https:\/\/schema.org","@graph":[{"@type":"WebPage","@id":"https:\/\/mesatemple.org\/event\/sunday-evening-recital-series-studio-of-jennie-rhodes-september-17-2026\/","url":"https:\/\/mesatemple.org\/event\/sunday-evening-recital-series-studio-of-jennie-rhodes-september-17-2026\/","name":"Sunday Evening Recital Series: Studio of Jennie Rhodes - September 27, 2026 - MesaTemple.org","isPartOf":{"@id":"https:\/\/mesatemple.org\/#website"},"primaryImageOfPage":{"@id":"https:\/\/mesatemple.org\/event\/sunday-evening-recital-series-studio-of-jennie-rhodes-september-17-2026\/#primaryimage"},"image":{"@id":"https:\/\/mesatemple.org\/event\/sunday-evening-recital-series-studio-of-jennie-rhodes-september-17-2026\/#primaryimage"},"thumbnailUrl":"https:\/\/mesatemple.org\/wp-content\/uploads\/2026\/09\/Jennie-Rhodes-website.png","datePublished":"2026-09-03T21:05:49+00:00","dateModified":"2026-09-03T21:06:27+00:00","breadcrumb":{"@id":"https:\/\/mesatemple.org\/event\/sunday-evening-recital-series-studio-of-jennie-rhodes-september-17-2026\/#breadcrumb"},"inLanguage":"es","potentialAction":[{"@type":"ReadAction","target":["https:\/\/mesatemple.org\/event\/sunday-evening-recital-series-studio-of-jennie-rhodes-september-17-2026\/"]}]},{"@type":"ImageObject","inLanguage":"es","@id":"https:\/\/mesatemple.org\/event\/sunday-evening-recital-series-studio-of-jennie-rhodes-september-17-2026\/#primaryimage","url":"https:\/\/mesatemple.org\/wp-content\/uploads\/2026\/09\/Jennie-Rhodes-website.png","contentUrl":"https:\/\/mesatemple.org\/wp-content\/uploads\/2026\/09\/Jennie-Rhodes-website.png","width":1152,"height":648},{"@type":"BreadcrumbList","@id":"https:\/\/mesatemple.org\/event\/sunday-evening-recital-series-studio-of-jennie-rhodes-september-17-2026\/#breadcrumb","itemListElement":[{"@type":"ListItem","position":1,"name":"Home","item":"https:\/\/mesatemple.org\/"},{"@type":"ListItem","position":2,"name":"Events","item":"https:\/\/mesatemple.org\/ko\/event-calendar\/"},{"@type":"ListItem","position":3,"name":"Sunday Evening Recital Series: Studio of Jennie Rhodes &#8211; September 27, 2026"}]},{"@type":"WebSite","@id":"https:\/\/mesatemple.org\/#website","url":"https:\/\/mesatemple.org\/","name":"MesaTemple.org","description":"Feel Welcome. Feel the Spirit. Feel Inspired.","publisher":{"@id":"https:\/\/mesatemple.org\/#organization"},"potentialAction":[{"@type":"SearchAction","target":{"@type":"EntryPoint","urlTemplate":"https:\/\/mesatemple.org\/?s={search_term_string}"},"query-input":{"@type":"PropertyValueSpecification","valueRequired":true,"valueName":"search_term_string"}}],"inLanguage":"es"},{"@type":"Organization","@id":"https:\/\/mesatemple.org\/#organization","name":"MesaTemple.org","url":"https:\/\/mesatemple.org\/","logo":{"@type":"ImageObject","inLanguage":"es","@id":"https:\/\/mesatemple.org\/#\/schema\/logo\/image\/","url":"https:\/\/mesatemple.org\/wp-content\/uploads\/2025\/07\/Mesa-Temple-Events-Logo-Color-3.webp","contentUrl":"https:\/\/mesatemple.org\/wp-content\/uploads\/2025\/07\/Mesa-Temple-Events-Logo-Color-3.webp","width":1920,"height":797,"caption":"MesaTemple.org"},"image":{"@id":"https:\/\/mesatemple.org\/#\/schema\/logo\/image\/"}}]}},"_links":{"self":[{"href":"https:\/\/mesatemple.org\/es\/wp-json\/wp\/v2\/tribe_events\/14888","targetHints":{"allow":["GET"]}}],"collection":[{"href":"https:\/\/mesatemple.org\/es\/wp-json\/wp\/v2\/tribe_events"}],"about":[{"href":"https:\/\/mesatemple.org\/es\/wp-json\/wp\/v2\/types\/tribe_events"}],"author":[{"embeddable":true,"href":"https:\/\/mesatemple.org\/es\/wp-json\/wp\/v2\/users\/30"}],"version-history":[{"count":3,"href":"https:\/\/mesatemple.org\/es\/wp-json\/wp\/v2\/tribe_events\/14888\/revisions"}],"predecessor-version":[{"id":14892,"href":"https:\/\/mesatemple.org\/es\/wp-json\/wp\/v2\/tribe_events\/14888\/revisions\/14892"}],"wp:featuredmedia":[{"embeddable":true,"href":"https:\/\/mesatemple.org\/es\/wp-json\/wp\/v2\/media\/14890"}],"wp:attachment":[{"href":"https:\/\/mesatemple.org\/es\/wp-json\/wp\/v2\/media?parent=14888"}],"wp:term":[{"taxonomy":"post_tag","embeddable":true,"href":"https:\/\/mesatemple.org\/es\/wp-json\/wp\/v2\/tags?post=14888"},{"taxonomy":"tribe_events_cat","embeddable":true,"href":"https:\/\/mesatemple.org\/es\/wp-json\/wp\/v2\/tribe_events_cat?post=14888"}],"curies":[{"name":"Gracias","href":"https:\/\/api.w.org\/{rel}","templated":true}]}},{"id":14885,"date":"2026-09-03T14:02:15","date_gmt":"2026-09-03T21:02:15","guid":{"rendered":"https:\/\/mesatemple.org\/?post_type=tribe_events&#038;p=14885"},"modified":"2026-09-03T14:02:15","modified_gmt":"2026-09-03T21:02:15","slug":"sunday-evening-recital-series-the-maxson-family-september-20-2026","status":"publish","type":"tribe_events","link":"https:\/\/mesatemple.org\/es\/event\/sunday-evening-recital-series-the-maxson-family-september-20-2026\/","title":{"rendered":"Ciclo de recitales dominicales vespertinos: La familia Maxson \u2013 20 de septiembre de 2026"},"content":{"rendered":"<p><span style=\"font-weight: 400;\">\u00a1A la familia Maxson le encanta cualquier oportunidad de compartir su pasi\u00f3n por la m\u00fasica! La m\u00fasica es el lenguaje de su hogar. Tyler y Linsey pasaron gran parte de su infancia actuando juntos. Sus obras favoritas eran La Bella y la Bestia, Jos\u00e9 y el manto de los sue\u00f1os y La Pimpinela Escarlata, entre otras. Se sienten muy afortunados de haber participado en la grabaci\u00f3n original de El Cordero de Dios como narrador y Martha, as\u00ed como en la nueva grabaci\u00f3n de Easter Pageant, ambas compuestas por Rob Gardner. \u00a1Ahora pasan gran parte de su tiempo viendo a sus hijos actuar en musicales o conciertos de rock! Encu\u00e9ntralos en Instagram: @maxsonfamilymusic @drtylermaxson @baddoghousesesh @boweniscreative<\/span><\/p>\n<p><img decoding=\"async\" class=\"alignnone size-medium wp-image-14886\" src=\"https:\/\/mesatemple.org\/wp-content\/uploads\/2026\/09\/maxson-1152-x-648-px-300x169.png\" alt=\"\" width=\"300\" height=\"169\" srcset=\"https:\/\/mesatemple.org\/wp-content\/uploads\/2026\/09\/maxson-1152-x-648-px-300x169.png 300w, https:\/\/mesatemple.org\/wp-content\/uploads\/2026\/09\/maxson-1152-x-648-px-1024x576.png 1024w, https:\/\/mesatemple.org\/wp-content\/uploads\/2026\/09\/maxson-1152-x-648-px-768x432.png 768w, https:\/\/mesatemple.org\/wp-content\/uploads\/2026\/09\/maxson-1152-x-648-px-18x10.png 18w, https:\/\/mesatemple.org\/wp-content\/uploads\/2026\/09\/maxson-1152-x-648-px.png 1152w\" sizes=\"(max-width: 300px) 100vw, 300px\" \/><\/p>","protected":false},"excerpt":{"rendered":"<p>The Maxson family loves any chance to get to share their love of music together! Music is the language of their home. Tyler and Linsey spent much of their early [&hellip;]<\/p>\n","protected":false},"author":30,"featured_media":14886,"template":"","meta":{"_tribe_events_status":"","_tribe_events_status_reason":"","footnotes":""},"tags":[179],"tribe_events_cat":[88,119,90],"class_list":["post-14885","tribe_events","type-tribe_events","status-publish","has-post-thumbnail","hentry","tag-mesa-temple-visitors-center-2","tribe_events_cat-mesa-temple","tribe_events_cat-sunday-evening-recitals","tribe_events_cat-visitors-center","cat_mesa-temple","cat_sunday-evening-recitals","cat_visitors-center","entry"],"yoast_head":"<!-- This site is optimized with the Yoast SEO plugin v28.4 - https:\/\/yoast.com\/product\/yoast-seo-wordpress\/ -->\n<title>Sunday Evening Recital Series: The Maxson Family - September 20, 2026 - MesaTemple.org<\/title>\n<meta name=\"robots\" content=\"index, follow, max-snippet:-1, max-image-preview:large, max-video-preview:-1\" \/>\n<link rel=\"canonical\" href=\"https:\/\/mesatemple.org\/es\/evento\/sunday-evening-recital-series-the-maxson-family-september-20-2026\/\" \/>\n<meta property=\"og:locale\" content=\"es_MX\" \/>\n<meta property=\"og:type\" content=\"article\" \/>\n<meta property=\"og:title\" content=\"Sunday Evening Recital Series: The Maxson Family - September 20, 2026 - MesaTemple.org\" \/>\n<meta property=\"og:description\" content=\"The Maxson family loves any chance to get to share their love of music together! Music is the language of their home. Tyler and Linsey spent much of their early [&hellip;]\" \/>\n<meta property=\"og:url\" content=\"https:\/\/mesatemple.org\/es\/evento\/sunday-evening-recital-series-the-maxson-family-september-20-2026\/\" \/>\n<meta property=\"og:site_name\" content=\"MesaTemple.org\" \/>\n<meta property=\"og:image\" content=\"https:\/\/mesatemple.org\/wp-content\/uploads\/2026\/09\/maxson-1152-x-648-px.png\" \/>\n\t<meta property=\"og:image:width\" content=\"1152\" \/>\n\t<meta property=\"og:image:height\" content=\"648\" \/>\n\t<meta property=\"og:image:type\" content=\"image\/png\" \/>\n<meta name=\"twitter:card\" content=\"summary_large_image\" \/>\n<meta name=\"twitter:label1\" content=\"Tiempo de lectura\" \/>\n\t<meta name=\"twitter:data1\" content=\"1 minuto\" \/>\n<script type=\"application\/ld+json\" class=\"yoast-schema-graph\">{\"@context\":\"https:\\\/\\\/schema.org\",\"@graph\":[{\"@type\":\"WebPage\",\"@id\":\"https:\\\/\\\/mesatemple.org\\\/event\\\/sunday-evening-recital-series-the-maxson-family-september-20-2026\\\/\",\"url\":\"https:\\\/\\\/mesatemple.org\\\/event\\\/sunday-evening-recital-series-the-maxson-family-september-20-2026\\\/\",\"name\":\"Sunday Evening Recital Series: The Maxson Family - September 20, 2026 - MesaTemple.org\",\"isPartOf\":{\"@id\":\"https:\\\/\\\/mesatemple.org\\\/#website\"},\"primaryImageOfPage\":{\"@id\":\"https:\\\/\\\/mesatemple.org\\\/event\\\/sunday-evening-recital-series-the-maxson-family-september-20-2026\\\/#primaryimage\"},\"image\":{\"@id\":\"https:\\\/\\\/mesatemple.org\\\/event\\\/sunday-evening-recital-series-the-maxson-family-september-20-2026\\\/#primaryimage\"},\"thumbnailUrl\":\"https:\\\/\\\/mesatemple.org\\\/wp-content\\\/uploads\\\/2026\\\/09\\\/maxson-1152-x-648-px.png\",\"datePublished\":\"2026-09-03T21:02:15+00:00\",\"breadcrumb\":{\"@id\":\"https:\\\/\\\/mesatemple.org\\\/event\\\/sunday-evening-recital-series-the-maxson-family-september-20-2026\\\/#breadcrumb\"},\"inLanguage\":\"es\",\"potentialAction\":[{\"@type\":\"ReadAction\",\"target\":[\"https:\\\/\\\/mesatemple.org\\\/event\\\/sunday-evening-recital-series-the-maxson-family-september-20-2026\\\/\"]}]},{\"@type\":\"ImageObject\",\"inLanguage\":\"es\",\"@id\":\"https:\\\/\\\/mesatemple.org\\\/event\\\/sunday-evening-recital-series-the-maxson-family-september-20-2026\\\/#primaryimage\",\"url\":\"https:\\\/\\\/mesatemple.org\\\/wp-content\\\/uploads\\\/2026\\\/09\\\/maxson-1152-x-648-px.png\",\"contentUrl\":\"https:\\\/\\\/mesatemple.org\\\/wp-content\\\/uploads\\\/2026\\\/09\\\/maxson-1152-x-648-px.png\",\"width\":1152,\"height\":648},{\"@type\":\"BreadcrumbList\",\"@id\":\"https:\\\/\\\/mesatemple.org\\\/event\\\/sunday-evening-recital-series-the-maxson-family-september-20-2026\\\/#breadcrumb\",\"itemListElement\":[{\"@type\":\"ListItem\",\"position\":1,\"name\":\"Home\",\"item\":\"https:\\\/\\\/mesatemple.org\\\/\"},{\"@type\":\"ListItem\",\"position\":2,\"name\":\"Events\",\"item\":\"https:\\\/\\\/mesatemple.org\\\/ko\\\/event-calendar\\\/\"},{\"@type\":\"ListItem\",\"position\":3,\"name\":\"Sunday Evening Recital Series: The Maxson Family &#8211; September 20, 2026\"}]},{\"@type\":\"WebSite\",\"@id\":\"https:\\\/\\\/mesatemple.org\\\/#website\",\"url\":\"https:\\\/\\\/mesatemple.org\\\/\",\"name\":\"MesaTemple.org\",\"description\":\"Feel Welcome. Feel the Spirit. Feel Inspired.\",\"publisher\":{\"@id\":\"https:\\\/\\\/mesatemple.org\\\/#organization\"},\"potentialAction\":[{\"@type\":\"SearchAction\",\"target\":{\"@type\":\"EntryPoint\",\"urlTemplate\":\"https:\\\/\\\/mesatemple.org\\\/?s={search_term_string}\"},\"query-input\":{\"@type\":\"PropertyValueSpecification\",\"valueRequired\":true,\"valueName\":\"search_term_string\"}}],\"inLanguage\":\"es\"},{\"@type\":\"Organization\",\"@id\":\"https:\\\/\\\/mesatemple.org\\\/#organization\",\"name\":\"MesaTemple.org\",\"url\":\"https:\\\/\\\/mesatemple.org\\\/\",\"logo\":{\"@type\":\"ImageObject\",\"inLanguage\":\"es\",\"@id\":\"https:\\\/\\\/mesatemple.org\\\/#\\\/schema\\\/logo\\\/image\\\/\",\"url\":\"https:\\\/\\\/mesatemple.org\\\/wp-content\\\/uploads\\\/2025\\\/07\\\/Mesa-Temple-Events-Logo-Color-3.webp\",\"contentUrl\":\"https:\\\/\\\/mesatemple.org\\\/wp-content\\\/uploads\\\/2025\\\/07\\\/Mesa-Temple-Events-Logo-Color-3.webp\",\"width\":1920,\"height\":797,\"caption\":\"MesaTemple.org\"},\"image\":{\"@id\":\"https:\\\/\\\/mesatemple.org\\\/#\\\/schema\\\/logo\\\/image\\\/\"}}]}<\/script>\n<!-- \/ Yoast SEO plugin. -->","yoast_head_json":{"title":"Ciclo de recitales dominicales vespertinos: La familia Maxson - 20 de septiembre de 2026 - MesaTemple.org","robots":{"index":"index","follow":"follow","max-snippet":"max-snippet:-1","max-image-preview":"max-image-preview:large","max-video-preview":"max-video-preview:-1"},"canonical":"https:\/\/mesatemple.org\/es\/evento\/sunday-evening-recital-series-the-maxson-family-september-20-2026\/","og_locale":"es_MX","og_type":"article","og_title":"Sunday Evening Recital Series: The Maxson Family - September 20, 2026 - MesaTemple.org","og_description":"The Maxson family loves any chance to get to share their love of music together! Music is the language of their home. Tyler and Linsey spent much of their early [&hellip;]","og_url":"https:\/\/mesatemple.org\/es\/evento\/sunday-evening-recital-series-the-maxson-family-september-20-2026\/","og_site_name":"MesaTemple.org","og_image":[{"width":1152,"height":648,"url":"https:\/\/mesatemple.org\/wp-content\/uploads\/2026\/09\/maxson-1152-x-648-px.png","type":"image\/png"}],"twitter_card":"summary_large_image","twitter_misc":{"Tiempo de lectura":"1 minuto"},"schema":{"@context":"https:\/\/schema.org","@graph":[{"@type":"WebPage","@id":"https:\/\/mesatemple.org\/event\/sunday-evening-recital-series-the-maxson-family-september-20-2026\/","url":"https:\/\/mesatemple.org\/event\/sunday-evening-recital-series-the-maxson-family-september-20-2026\/","name":"Sunday Evening Recital Series: The Maxson Family - September 20, 2026 - MesaTemple.org","isPartOf":{"@id":"https:\/\/mesatemple.org\/#website"},"primaryImageOfPage":{"@id":"https:\/\/mesatemple.org\/event\/sunday-evening-recital-series-the-maxson-family-september-20-2026\/#primaryimage"},"image":{"@id":"https:\/\/mesatemple.org\/event\/sunday-evening-recital-series-the-maxson-family-september-20-2026\/#primaryimage"},"thumbnailUrl":"https:\/\/mesatemple.org\/wp-content\/uploads\/2026\/09\/maxson-1152-x-648-px.png","datePublished":"2026-09-03T21:02:15+00:00","breadcrumb":{"@id":"https:\/\/mesatemple.org\/event\/sunday-evening-recital-series-the-maxson-family-september-20-2026\/#breadcrumb"},"inLanguage":"es","potentialAction":[{"@type":"ReadAction","target":["https:\/\/mesatemple.org\/event\/sunday-evening-recital-series-the-maxson-family-september-20-2026\/"]}]},{"@type":"ImageObject","inLanguage":"es","@id":"https:\/\/mesatemple.org\/event\/sunday-evening-recital-series-the-maxson-family-september-20-2026\/#primaryimage","url":"https:\/\/mesatemple.org\/wp-content\/uploads\/2026\/09\/maxson-1152-x-648-px.png","contentUrl":"https:\/\/mesatemple.org\/wp-content\/uploads\/2026\/09\/maxson-1152-x-648-px.png","width":1152,"height":648},{"@type":"BreadcrumbList","@id":"https:\/\/mesatemple.org\/event\/sunday-evening-recital-series-the-maxson-family-september-20-2026\/#breadcrumb","itemListElement":[{"@type":"ListItem","position":1,"name":"Home","item":"https:\/\/mesatemple.org\/"},{"@type":"ListItem","position":2,"name":"Events","item":"https:\/\/mesatemple.org\/ko\/event-calendar\/"},{"@type":"ListItem","position":3,"name":"Sunday Evening Recital Series: The Maxson Family &#8211; September 20, 2026"}]},{"@type":"WebSite","@id":"https:\/\/mesatemple.org\/#website","url":"https:\/\/mesatemple.org\/","name":"MesaTemple.org","description":"Feel Welcome. Feel the Spirit. Feel Inspired.","publisher":{"@id":"https:\/\/mesatemple.org\/#organization"},"potentialAction":[{"@type":"SearchAction","target":{"@type":"EntryPoint","urlTemplate":"https:\/\/mesatemple.org\/?s={search_term_string}"},"query-input":{"@type":"PropertyValueSpecification","valueRequired":true,"valueName":"search_term_string"}}],"inLanguage":"es"},{"@type":"Organization","@id":"https:\/\/mesatemple.org\/#organization","name":"MesaTemple.org","url":"https:\/\/mesatemple.org\/","logo":{"@type":"ImageObject","inLanguage":"es","@id":"https:\/\/mesatemple.org\/#\/schema\/logo\/image\/","url":"https:\/\/mesatemple.org\/wp-content\/uploads\/2025\/07\/Mesa-Temple-Events-Logo-Color-3.webp","contentUrl":"https:\/\/mesatemple.org\/wp-content\/uploads\/2025\/07\/Mesa-Temple-Events-Logo-Color-3.webp","width":1920,"height":797,"caption":"MesaTemple.org"},"image":{"@id":"https:\/\/mesatemple.org\/#\/schema\/logo\/image\/"}}]}},"_links":{"self":[{"href":"https:\/\/mesatemple.org\/es\/wp-json\/wp\/v2\/tribe_events\/14885","targetHints":{"allow":["GET"]}}],"collection":[{"href":"https:\/\/mesatemple.org\/es\/wp-json\/wp\/v2\/tribe_events"}],"about":[{"href":"https:\/\/mesatemple.org\/es\/wp-json\/wp\/v2\/types\/tribe_events"}],"author":[{"embeddable":true,"href":"https:\/\/mesatemple.org\/es\/wp-json\/wp\/v2\/users\/30"}],"version-history":[{"count":1,"href":"https:\/\/mesatemple.org\/es\/wp-json\/wp\/v2\/tribe_events\/14885\/revisions"}],"predecessor-version":[{"id":14887,"href":"https:\/\/mesatemple.org\/es\/wp-json\/wp\/v2\/tribe_events\/14885\/revisions\/14887"}],"wp:featuredmedia":[{"embeddable":true,"href":"https:\/\/mesatemple.org\/es\/wp-json\/wp\/v2\/media\/14886"}],"wp:attachment":[{"href":"https:\/\/mesatemple.org\/es\/wp-json\/wp\/v2\/media?parent=14885"}],"wp:term":[{"taxonomy":"post_tag","embeddable":true,"href":"https:\/\/mesatemple.org\/es\/wp-json\/wp\/v2\/tags?post=14885"},{"taxonomy":"tribe_events_cat","embeddable":true,"href":"https:\/\/mesatemple.org\/es\/wp-json\/wp\/v2\/tribe_events_cat?post=14885"}],"curies":[{"name":"Gracias","href":"https:\/\/api.w.org\/{rel}","templated":true}]}},{"id":14882,"date":"2026-09-03T13:05:33","date_gmt":"2026-09-03T20:05:33","guid":{"rendered":"https:\/\/mesatemple.org\/?post_type=tribe_events&#038;p=14882"},"modified":"2026-09-03T13:05:33","modified_gmt":"2026-09-03T20:05:33","slug":"sunday-evening-recital-series-tami-petersen-family-september-13-2026","status":"publish","type":"tribe_events","link":"https:\/\/mesatemple.org\/es\/event\/sunday-evening-recital-series-tami-petersen-family-september-13-2026\/","title":{"rendered":"Ciclo de recitales dominicales vespertinos: Familia de Tami Petersen \u2013 13 de septiembre de 2026"},"content":{"rendered":"<p><span style=\"font-weight: 400;\">\u00a1Hacer m\u00fasica es uno de los pasatiempos favoritos de la familia Petersen! Con seis hijos, cantar y armonizar espont\u00e1neamente es muy com\u00fan, y cuando alguien toca un instrumento, otros miembros de la familia se unen y crean un ambiente musical divertido y creativo. Una de las tradiciones de la familia Petersen ha sido ofrecer programas musicales en residencias de ancianos locales: desde canciones patri\u00f3ticas o folcl\u00f3ricas hasta programas espirituales o navide\u00f1os. En Navidad, cantar villancicos a vecinos y amigos se ha convertido en una prioridad familiar. Durante la pandemia, ampliaron sus horizontes musicales y les result\u00f3 especialmente divertido cantar m\u00fasica coral con muchas voces. A medida que la familia ha crecido, se han unido m\u00e1s miembros, ya que los hijos mayores han encontrado pareja. \u00a1Estos nuevos miembros de la familia se han unido con alegr\u00eda a este coro familiar lleno de diversi\u00f3n!<\/span><\/p>\n<p><img decoding=\"async\" class=\"alignnone size-medium wp-image-14883\" src=\"https:\/\/mesatemple.org\/wp-content\/uploads\/2026\/09\/Petersen-family-website-300x169.png\" alt=\"\" width=\"300\" height=\"169\" srcset=\"https:\/\/mesatemple.org\/wp-content\/uploads\/2026\/09\/Petersen-family-website-300x169.png 300w, https:\/\/mesatemple.org\/wp-content\/uploads\/2026\/09\/Petersen-family-website-1024x576.png 1024w, https:\/\/mesatemple.org\/wp-content\/uploads\/2026\/09\/Petersen-family-website-768x432.png 768w, https:\/\/mesatemple.org\/wp-content\/uploads\/2026\/09\/Petersen-family-website-18x10.png 18w, https:\/\/mesatemple.org\/wp-content\/uploads\/2026\/09\/Petersen-family-website.png 1152w\" sizes=\"(max-width: 300px) 100vw, 300px\" \/><\/p>","protected":false},"excerpt":{"rendered":"<p>Making music is one of the favorite pastimes in the Petersen Family!\u00a0 As a family with six children, spontaneous singing and harmonizing happens quite often, and when an instrument is [&hellip;]<\/p>\n","protected":false},"author":30,"featured_media":14883,"template":"","meta":{"_tribe_events_status":"","_tribe_events_status_reason":"","footnotes":""},"tags":[179],"tribe_events_cat":[88,119,90],"class_list":["post-14882","tribe_events","type-tribe_events","status-publish","has-post-thumbnail","hentry","tag-mesa-temple-visitors-center-2","tribe_events_cat-mesa-temple","tribe_events_cat-sunday-evening-recitals","tribe_events_cat-visitors-center","cat_mesa-temple","cat_sunday-evening-recitals","cat_visitors-center","entry"],"yoast_head":"<!-- This site is optimized with the Yoast SEO plugin v28.4 - https:\/\/yoast.com\/product\/yoast-seo-wordpress\/ -->\n<title>Sunday Evening Recital Series: Tami Petersen Family - September 13, 2026 - MesaTemple.org<\/title>\n<meta name=\"robots\" content=\"index, follow, max-snippet:-1, max-image-preview:large, max-video-preview:-1\" \/>\n<link rel=\"canonical\" href=\"https:\/\/mesatemple.org\/es\/evento\/sunday-evening-recital-series-tami-petersen-family-september-13-2026\/\" \/>\n<meta property=\"og:locale\" content=\"es_MX\" \/>\n<meta property=\"og:type\" content=\"article\" \/>\n<meta property=\"og:title\" content=\"Sunday Evening Recital Series: Tami Petersen Family - September 13, 2026 - MesaTemple.org\" \/>\n<meta property=\"og:description\" content=\"Making music is one of the favorite pastimes in the Petersen Family!\u00a0 As a family with six children, spontaneous singing and harmonizing happens quite often, and when an instrument is [&hellip;]\" \/>\n<meta property=\"og:url\" content=\"https:\/\/mesatemple.org\/es\/evento\/sunday-evening-recital-series-tami-petersen-family-september-13-2026\/\" \/>\n<meta property=\"og:site_name\" content=\"MesaTemple.org\" \/>\n<meta property=\"og:image\" content=\"https:\/\/mesatemple.org\/wp-content\/uploads\/2026\/09\/Petersen-family-website.png\" \/>\n\t<meta property=\"og:image:width\" content=\"1152\" \/>\n\t<meta property=\"og:image:height\" content=\"648\" \/>\n\t<meta property=\"og:image:type\" content=\"image\/png\" \/>\n<meta name=\"twitter:card\" content=\"summary_large_image\" \/>\n<meta name=\"twitter:label1\" content=\"Tiempo de lectura\" \/>\n\t<meta name=\"twitter:data1\" content=\"1 minuto\" \/>\n<script type=\"application\/ld+json\" class=\"yoast-schema-graph\">{\"@context\":\"https:\\\/\\\/schema.org\",\"@graph\":[{\"@type\":\"WebPage\",\"@id\":\"https:\\\/\\\/mesatemple.org\\\/event\\\/sunday-evening-recital-series-tami-petersen-family-september-13-2026\\\/\",\"url\":\"https:\\\/\\\/mesatemple.org\\\/event\\\/sunday-evening-recital-series-tami-petersen-family-september-13-2026\\\/\",\"name\":\"Sunday Evening Recital Series: Tami Petersen Family - September 13, 2026 - MesaTemple.org\",\"isPartOf\":{\"@id\":\"https:\\\/\\\/mesatemple.org\\\/#website\"},\"primaryImageOfPage\":{\"@id\":\"https:\\\/\\\/mesatemple.org\\\/event\\\/sunday-evening-recital-series-tami-petersen-family-september-13-2026\\\/#primaryimage\"},\"image\":{\"@id\":\"https:\\\/\\\/mesatemple.org\\\/event\\\/sunday-evening-recital-series-tami-petersen-family-september-13-2026\\\/#primaryimage\"},\"thumbnailUrl\":\"https:\\\/\\\/mesatemple.org\\\/wp-content\\\/uploads\\\/2026\\\/09\\\/Petersen-family-website.png\",\"datePublished\":\"2026-09-03T20:05:33+00:00\",\"breadcrumb\":{\"@id\":\"https:\\\/\\\/mesatemple.org\\\/event\\\/sunday-evening-recital-series-tami-petersen-family-september-13-2026\\\/#breadcrumb\"},\"inLanguage\":\"es\",\"potentialAction\":[{\"@type\":\"ReadAction\",\"target\":[\"https:\\\/\\\/mesatemple.org\\\/event\\\/sunday-evening-recital-series-tami-petersen-family-september-13-2026\\\/\"]}]},{\"@type\":\"ImageObject\",\"inLanguage\":\"es\",\"@id\":\"https:\\\/\\\/mesatemple.org\\\/event\\\/sunday-evening-recital-series-tami-petersen-family-september-13-2026\\\/#primaryimage\",\"url\":\"https:\\\/\\\/mesatemple.org\\\/wp-content\\\/uploads\\\/2026\\\/09\\\/Petersen-family-website.png\",\"contentUrl\":\"https:\\\/\\\/mesatemple.org\\\/wp-content\\\/uploads\\\/2026\\\/09\\\/Petersen-family-website.png\",\"width\":1152,\"height\":648},{\"@type\":\"BreadcrumbList\",\"@id\":\"https:\\\/\\\/mesatemple.org\\\/event\\\/sunday-evening-recital-series-tami-petersen-family-september-13-2026\\\/#breadcrumb\",\"itemListElement\":[{\"@type\":\"ListItem\",\"position\":1,\"name\":\"Home\",\"item\":\"https:\\\/\\\/mesatemple.org\\\/\"},{\"@type\":\"ListItem\",\"position\":2,\"name\":\"Events\",\"item\":\"https:\\\/\\\/mesatemple.org\\\/ko\\\/event-calendar\\\/\"},{\"@type\":\"ListItem\",\"position\":3,\"name\":\"Sunday Evening Recital Series: Tami Petersen Family &#8211; September 13, 2026\"}]},{\"@type\":\"WebSite\",\"@id\":\"https:\\\/\\\/mesatemple.org\\\/#website\",\"url\":\"https:\\\/\\\/mesatemple.org\\\/\",\"name\":\"MesaTemple.org\",\"description\":\"Feel Welcome. Feel the Spirit. Feel Inspired.\",\"publisher\":{\"@id\":\"https:\\\/\\\/mesatemple.org\\\/#organization\"},\"potentialAction\":[{\"@type\":\"SearchAction\",\"target\":{\"@type\":\"EntryPoint\",\"urlTemplate\":\"https:\\\/\\\/mesatemple.org\\\/?s={search_term_string}\"},\"query-input\":{\"@type\":\"PropertyValueSpecification\",\"valueRequired\":true,\"valueName\":\"search_term_string\"}}],\"inLanguage\":\"es\"},{\"@type\":\"Organization\",\"@id\":\"https:\\\/\\\/mesatemple.org\\\/#organization\",\"name\":\"MesaTemple.org\",\"url\":\"https:\\\/\\\/mesatemple.org\\\/\",\"logo\":{\"@type\":\"ImageObject\",\"inLanguage\":\"es\",\"@id\":\"https:\\\/\\\/mesatemple.org\\\/#\\\/schema\\\/logo\\\/image\\\/\",\"url\":\"https:\\\/\\\/mesatemple.org\\\/wp-content\\\/uploads\\\/2025\\\/07\\\/Mesa-Temple-Events-Logo-Color-3.webp\",\"contentUrl\":\"https:\\\/\\\/mesatemple.org\\\/wp-content\\\/uploads\\\/2025\\\/07\\\/Mesa-Temple-Events-Logo-Color-3.webp\",\"width\":1920,\"height\":797,\"caption\":\"MesaTemple.org\"},\"image\":{\"@id\":\"https:\\\/\\\/mesatemple.org\\\/#\\\/schema\\\/logo\\\/image\\\/\"}}]}<\/script>\n<!-- \/ Yoast SEO plugin. -->","yoast_head_json":{"title":"Ciclo de recitales dominicales vespertinos: Familia de Tami Petersen - 13 de septiembre de 2026 - MesaTemple.org","robots":{"index":"index","follow":"follow","max-snippet":"max-snippet:-1","max-image-preview":"max-image-preview:large","max-video-preview":"max-video-preview:-1"},"canonical":"https:\/\/mesatemple.org\/es\/evento\/sunday-evening-recital-series-tami-petersen-family-september-13-2026\/","og_locale":"es_MX","og_type":"article","og_title":"Sunday Evening Recital Series: Tami Petersen Family - September 13, 2026 - MesaTemple.org","og_description":"Making music is one of the favorite pastimes in the Petersen Family!\u00a0 As a family with six children, spontaneous singing and harmonizing happens quite often, and when an instrument is [&hellip;]","og_url":"https:\/\/mesatemple.org\/es\/evento\/sunday-evening-recital-series-tami-petersen-family-september-13-2026\/","og_site_name":"MesaTemple.org","og_image":[{"width":1152,"height":648,"url":"https:\/\/mesatemple.org\/wp-content\/uploads\/2026\/09\/Petersen-family-website.png","type":"image\/png"}],"twitter_card":"summary_large_image","twitter_misc":{"Tiempo de lectura":"1 minuto"},"schema":{"@context":"https:\/\/schema.org","@graph":[{"@type":"WebPage","@id":"https:\/\/mesatemple.org\/event\/sunday-evening-recital-series-tami-petersen-family-september-13-2026\/","url":"https:\/\/mesatemple.org\/event\/sunday-evening-recital-series-tami-petersen-family-september-13-2026\/","name":"Sunday Evening Recital Series: Tami Petersen Family - September 13, 2026 - MesaTemple.org","isPartOf":{"@id":"https:\/\/mesatemple.org\/#website"},"primaryImageOfPage":{"@id":"https:\/\/mesatemple.org\/event\/sunday-evening-recital-series-tami-petersen-family-september-13-2026\/#primaryimage"},"image":{"@id":"https:\/\/mesatemple.org\/event\/sunday-evening-recital-series-tami-petersen-family-september-13-2026\/#primaryimage"},"thumbnailUrl":"https:\/\/mesatemple.org\/wp-content\/uploads\/2026\/09\/Petersen-family-website.png","datePublished":"2026-09-03T20:05:33+00:00","breadcrumb":{"@id":"https:\/\/mesatemple.org\/event\/sunday-evening-recital-series-tami-petersen-family-september-13-2026\/#breadcrumb"},"inLanguage":"es","potentialAction":[{"@type":"ReadAction","target":["https:\/\/mesatemple.org\/event\/sunday-evening-recital-series-tami-petersen-family-september-13-2026\/"]}]},{"@type":"ImageObject","inLanguage":"es","@id":"https:\/\/mesatemple.org\/event\/sunday-evening-recital-series-tami-petersen-family-september-13-2026\/#primaryimage","url":"https:\/\/mesatemple.org\/wp-content\/uploads\/2026\/09\/Petersen-family-website.png","contentUrl":"https:\/\/mesatemple.org\/wp-content\/uploads\/2026\/09\/Petersen-family-website.png","width":1152,"height":648},{"@type":"BreadcrumbList","@id":"https:\/\/mesatemple.org\/event\/sunday-evening-recital-series-tami-petersen-family-september-13-2026\/#breadcrumb","itemListElement":[{"@type":"ListItem","position":1,"name":"Home","item":"https:\/\/mesatemple.org\/"},{"@type":"ListItem","position":2,"name":"Events","item":"https:\/\/mesatemple.org\/ko\/event-calendar\/"},{"@type":"ListItem","position":3,"name":"Sunday Evening Recital Series: Tami Petersen Family &#8211; September 13, 2026"}]},{"@type":"WebSite","@id":"https:\/\/mesatemple.org\/#website","url":"https:\/\/mesatemple.org\/","name":"MesaTemple.org","description":"Feel Welcome. Feel the Spirit. Feel Inspired.","publisher":{"@id":"https:\/\/mesatemple.org\/#organization"},"potentialAction":[{"@type":"SearchAction","target":{"@type":"EntryPoint","urlTemplate":"https:\/\/mesatemple.org\/?s={search_term_string}"},"query-input":{"@type":"PropertyValueSpecification","valueRequired":true,"valueName":"search_term_string"}}],"inLanguage":"es"},{"@type":"Organization","@id":"https:\/\/mesatemple.org\/#organization","name":"MesaTemple.org","url":"https:\/\/mesatemple.org\/","logo":{"@type":"ImageObject","inLanguage":"es","@id":"https:\/\/mesatemple.org\/#\/schema\/logo\/image\/","url":"https:\/\/mesatemple.org\/wp-content\/uploads\/2025\/07\/Mesa-Temple-Events-Logo-Color-3.webp","contentUrl":"https:\/\/mesatemple.org\/wp-content\/uploads\/2025\/07\/Mesa-Temple-Events-Logo-Color-3.webp","width":1920,"height":797,"caption":"MesaTemple.org"},"image":{"@id":"https:\/\/mesatemple.org\/#\/schema\/logo\/image\/"}}]}},"_links":{"self":[{"href":"https:\/\/mesatemple.org\/es\/wp-json\/wp\/v2\/tribe_events\/14882","targetHints":{"allow":["GET"]}}],"collection":[{"href":"https:\/\/mesatemple.org\/es\/wp-json\/wp\/v2\/tribe_events"}],"about":[{"href":"https:\/\/mesatemple.org\/es\/wp-json\/wp\/v2\/types\/tribe_events"}],"author":[{"embeddable":true,"href":"https:\/\/mesatemple.org\/es\/wp-json\/wp\/v2\/users\/30"}],"version-history":[{"count":1,"href":"https:\/\/mesatemple.org\/es\/wp-json\/wp\/v2\/tribe_events\/14882\/revisions"}],"predecessor-version":[{"id":14884,"href":"https:\/\/mesatemple.org\/es\/wp-json\/wp\/v2\/tribe_events\/14882\/revisions\/14884"}],"wp:featuredmedia":[{"embeddable":true,"href":"https:\/\/mesatemple.org\/es\/wp-json\/wp\/v2\/media\/14883"}],"wp:attachment":[{"href":"https:\/\/mesatemple.org\/es\/wp-json\/wp\/v2\/media?parent=14882"}],"wp:term":[{"taxonomy":"post_tag","embeddable":true,"href":"https:\/\/mesatemple.org\/es\/wp-json\/wp\/v2\/tags?post=14882"},{"taxonomy":"tribe_events_cat","embeddable":true,"href":"https:\/\/mesatemple.org\/es\/wp-json\/wp\/v2\/tribe_events_cat?post=14882"}],"curies":[{"name":"Gracias","href":"https:\/\/api.w.org\/{rel}","templated":true}]}},{"id":14833,"date":"2025-10-19T19:00:48","date_gmt":"2025-10-20T02:00:48","guid":{"rendered":"https:\/\/mesatemple.org\/?post_type=tribe_events&#038;p=14833"},"modified":"2026-09-02T09:29:15","modified_gmt":"2026-09-02T16:29:15","slug":"day-of-the-dead-celebration","status":"publish","type":"tribe_events","link":"https:\/\/mesatemple.org\/es\/event\/day-of-the-dead-celebration\/","title":{"rendered":"Celebraci\u00f3n del D\u00eda de Muertos"},"content":{"rendered":"<p>Acomp\u00e1\u00f1anos en el Centro de Visitantes del Templo de Mesa para nuestras festividades del D\u00eda de Muertos del 26 al 30 de octubre, abierto de 10:00 a 21:00.<\/p>\n<p>El jueves 19 de octubre, a las 19:00 horas, se ofrecer\u00e1 una actuaci\u00f3n en directo para celebrar la cultura hispana cl\u00e1sica.<\/p>\n<p>La entrada y el aparcamiento son gratuitos, \u00a1y todos son bienvenidos!<\/p>\n<p><img loading=\"lazy\" decoding=\"async\" class=\"alignnone wp-image-14835 size-full\" src=\"https:\/\/mesatemple.org\/wp-content\/uploads\/2026\/08\/Day-of-the-Dead-English-Version.png\" alt=\"\" width=\"1412\" height=\"2200\" srcset=\"https:\/\/mesatemple.org\/wp-content\/uploads\/2026\/08\/Day-of-the-Dead-English-Version.png 1412w, https:\/\/mesatemple.org\/wp-content\/uploads\/2026\/08\/Day-of-the-Dead-English-Version-193x300.png 193w, https:\/\/mesatemple.org\/wp-content\/uploads\/2026\/08\/Day-of-the-Dead-English-Version-657x1024.png 657w, https:\/\/mesatemple.org\/wp-content\/uploads\/2026\/08\/Day-of-the-Dead-English-Version-768x1197.png 768w, https:\/\/mesatemple.org\/wp-content\/uploads\/2026\/08\/Day-of-the-Dead-English-Version-986x1536.png 986w, https:\/\/mesatemple.org\/wp-content\/uploads\/2026\/08\/Day-of-the-Dead-English-Version-1314x2048.png 1314w, https:\/\/mesatemple.org\/wp-content\/uploads\/2026\/08\/Day-of-the-Dead-English-Version-8x12.png 8w\" sizes=\"(max-width: 1412px) 100vw, 1412px\" \/><\/p>\n<p><img loading=\"lazy\" decoding=\"async\" class=\"alignnone wp-image-14834 size-full\" src=\"https:\/\/mesatemple.org\/wp-content\/uploads\/2026\/08\/Day-of-the-Dead-Spanish-Version.png\" alt=\"\" width=\"1419\" height=\"2200\" srcset=\"https:\/\/mesatemple.org\/wp-content\/uploads\/2026\/08\/Day-of-the-Dead-Spanish-Version.png 1419w, https:\/\/mesatemple.org\/wp-content\/uploads\/2026\/08\/Day-of-the-Dead-Spanish-Version-193x300.png 193w, https:\/\/mesatemple.org\/wp-content\/uploads\/2026\/08\/Day-of-the-Dead-Spanish-Version-660x1024.png 660w, https:\/\/mesatemple.org\/wp-content\/uploads\/2026\/08\/Day-of-the-Dead-Spanish-Version-768x1191.png 768w, https:\/\/mesatemple.org\/wp-content\/uploads\/2026\/08\/Day-of-the-Dead-Spanish-Version-991x1536.png 991w, https:\/\/mesatemple.org\/wp-content\/uploads\/2026\/08\/Day-of-the-Dead-Spanish-Version-1321x2048.png 1321w, https:\/\/mesatemple.org\/wp-content\/uploads\/2026\/08\/Day-of-the-Dead-Spanish-Version-8x12.png 8w\" sizes=\"(max-width: 1419px) 100vw, 1419px\" \/><\/p>","protected":false},"excerpt":{"rendered":"<p>Join us at the Mesa Temple Visitors&#8217; Center for our Day of the Dead festivities from October 26 to 30th, open anytime between 10 AM and 9 PM. A live [&hellip;]<\/p>\n","protected":false},"author":23,"featured_media":14853,"template":"","meta":{"_tribe_events_status":"","_tribe_events_status_reason":"","footnotes":""},"tags":[],"tribe_events_cat":[121,66],"class_list":["post-14833","tribe_events","type-tribe_events","status-publish","has-post-thumbnail","hentry","tribe_events_cat-community-event","tribe_events_cat-performances","cat_community-event","cat_performances","entry"],"yoast_head":"<!-- This site is optimized with the Yoast SEO plugin v28.4 - https:\/\/yoast.com\/product\/yoast-seo-wordpress\/ -->\n<title>Day of the Dead Celebration - MesaTemple.org<\/title>\n<meta name=\"robots\" content=\"index, follow, max-snippet:-1, max-image-preview:large, max-video-preview:-1\" \/>\n<link rel=\"canonical\" href=\"https:\/\/mesatemple.org\/es\/evento\/day-of-the-dead-celebration\/\" \/>\n<meta property=\"og:locale\" content=\"es_MX\" \/>\n<meta property=\"og:type\" content=\"article\" \/>\n<meta property=\"og:title\" content=\"Day of the Dead Celebration - MesaTemple.org\" \/>\n<meta property=\"og:description\" content=\"Join us at the Mesa Temple Visitors&#8217; Center for our Day of the Dead festivities from October 26 to 30th, open anytime between 10 AM and 9 PM. A live [&hellip;]\" \/>\n<meta property=\"og:url\" content=\"https:\/\/mesatemple.org\/es\/evento\/day-of-the-dead-celebration\/\" \/>\n<meta property=\"og:site_name\" content=\"MesaTemple.org\" \/>\n<meta property=\"article:modified_time\" content=\"2026-09-02T16:29:15+00:00\" \/>\n<meta property=\"og:image\" content=\"https:\/\/mesatemple.org\/wp-content\/uploads\/2025\/10\/Day-of-the-Dead.png\" \/>\n\t<meta property=\"og:image:width\" content=\"767\" \/>\n\t<meta property=\"og:image:height\" content=\"516\" \/>\n\t<meta property=\"og:image:type\" content=\"image\/png\" \/>\n<meta name=\"twitter:card\" content=\"summary_large_image\" \/>\n<meta name=\"twitter:label1\" content=\"Tiempo de lectura\" \/>\n\t<meta name=\"twitter:data1\" content=\"1 minuto\" \/>\n<script type=\"application\/ld+json\" class=\"yoast-schema-graph\">{\"@context\":\"https:\\\/\\\/schema.org\",\"@graph\":[{\"@type\":\"WebPage\",\"@id\":\"https:\\\/\\\/mesatemple.org\\\/event\\\/day-of-the-dead-celebration\\\/\",\"url\":\"https:\\\/\\\/mesatemple.org\\\/event\\\/day-of-the-dead-celebration\\\/\",\"name\":\"Day of the Dead Celebration - MesaTemple.org\",\"isPartOf\":{\"@id\":\"https:\\\/\\\/mesatemple.org\\\/#website\"},\"primaryImageOfPage\":{\"@id\":\"https:\\\/\\\/mesatemple.org\\\/event\\\/day-of-the-dead-celebration\\\/#primaryimage\"},\"image\":{\"@id\":\"https:\\\/\\\/mesatemple.org\\\/event\\\/day-of-the-dead-celebration\\\/#primaryimage\"},\"thumbnailUrl\":\"https:\\\/\\\/mesatemple.org\\\/wp-content\\\/uploads\\\/2025\\\/10\\\/Day-of-the-Dead.png\",\"datePublished\":\"2025-10-20T02:00:48+00:00\",\"dateModified\":\"2026-09-02T16:29:15+00:00\",\"breadcrumb\":{\"@id\":\"https:\\\/\\\/mesatemple.org\\\/event\\\/day-of-the-dead-celebration\\\/#breadcrumb\"},\"inLanguage\":\"es\",\"potentialAction\":[{\"@type\":\"ReadAction\",\"target\":[\"https:\\\/\\\/mesatemple.org\\\/event\\\/day-of-the-dead-celebration\\\/\"]}]},{\"@type\":\"ImageObject\",\"inLanguage\":\"es\",\"@id\":\"https:\\\/\\\/mesatemple.org\\\/event\\\/day-of-the-dead-celebration\\\/#primaryimage\",\"url\":\"https:\\\/\\\/mesatemple.org\\\/wp-content\\\/uploads\\\/2025\\\/10\\\/Day-of-the-Dead.png\",\"contentUrl\":\"https:\\\/\\\/mesatemple.org\\\/wp-content\\\/uploads\\\/2025\\\/10\\\/Day-of-the-Dead.png\",\"width\":767,\"height\":516},{\"@type\":\"BreadcrumbList\",\"@id\":\"https:\\\/\\\/mesatemple.org\\\/event\\\/day-of-the-dead-celebration\\\/#breadcrumb\",\"itemListElement\":[{\"@type\":\"ListItem\",\"position\":1,\"name\":\"Home\",\"item\":\"https:\\\/\\\/mesatemple.org\\\/\"},{\"@type\":\"ListItem\",\"position\":2,\"name\":\"Events\",\"item\":\"https:\\\/\\\/mesatemple.org\\\/ko\\\/event-calendar\\\/\"},{\"@type\":\"ListItem\",\"position\":3,\"name\":\"Day of the Dead Celebration\"}]},{\"@type\":\"WebSite\",\"@id\":\"https:\\\/\\\/mesatemple.org\\\/#website\",\"url\":\"https:\\\/\\\/mesatemple.org\\\/\",\"name\":\"MesaTemple.org\",\"description\":\"Feel Welcome. Feel the Spirit. Feel Inspired.\",\"publisher\":{\"@id\":\"https:\\\/\\\/mesatemple.org\\\/#organization\"},\"potentialAction\":[{\"@type\":\"SearchAction\",\"target\":{\"@type\":\"EntryPoint\",\"urlTemplate\":\"https:\\\/\\\/mesatemple.org\\\/?s={search_term_string}\"},\"query-input\":{\"@type\":\"PropertyValueSpecification\",\"valueRequired\":true,\"valueName\":\"search_term_string\"}}],\"inLanguage\":\"es\"},{\"@type\":\"Organization\",\"@id\":\"https:\\\/\\\/mesatemple.org\\\/#organization\",\"name\":\"MesaTemple.org\",\"url\":\"https:\\\/\\\/mesatemple.org\\\/\",\"logo\":{\"@type\":\"ImageObject\",\"inLanguage\":\"es\",\"@id\":\"https:\\\/\\\/mesatemple.org\\\/#\\\/schema\\\/logo\\\/image\\\/\",\"url\":\"https:\\\/\\\/mesatemple.org\\\/wp-content\\\/uploads\\\/2025\\\/07\\\/Mesa-Temple-Events-Logo-Color-3.webp\",\"contentUrl\":\"https:\\\/\\\/mesatemple.org\\\/wp-content\\\/uploads\\\/2025\\\/07\\\/Mesa-Temple-Events-Logo-Color-3.webp\",\"width\":1920,\"height\":797,\"caption\":\"MesaTemple.org\"},\"image\":{\"@id\":\"https:\\\/\\\/mesatemple.org\\\/#\\\/schema\\\/logo\\\/image\\\/\"}}]}<\/script>\n<!-- \/ Yoast SEO plugin. -->","yoast_head_json":{"title":"Celebraci\u00f3n del D\u00eda de Muertos - MesaTemple.org","robots":{"index":"index","follow":"follow","max-snippet":"max-snippet:-1","max-image-preview":"max-image-preview:large","max-video-preview":"max-video-preview:-1"},"canonical":"https:\/\/mesatemple.org\/es\/evento\/day-of-the-dead-celebration\/","og_locale":"es_MX","og_type":"article","og_title":"Day of the Dead Celebration - MesaTemple.org","og_description":"Join us at the Mesa Temple Visitors&#8217; Center for our Day of the Dead festivities from October 26 to 30th, open anytime between 10 AM and 9 PM. A live [&hellip;]","og_url":"https:\/\/mesatemple.org\/es\/evento\/day-of-the-dead-celebration\/","og_site_name":"MesaTemple.org","article_modified_time":"2026-09-02T16:29:15+00:00","og_image":[{"width":767,"height":516,"url":"https:\/\/mesatemple.org\/wp-content\/uploads\/2025\/10\/Day-of-the-Dead.png","type":"image\/png"}],"twitter_card":"summary_large_image","twitter_misc":{"Tiempo de lectura":"1 minuto"},"schema":{"@context":"https:\/\/schema.org","@graph":[{"@type":"WebPage","@id":"https:\/\/mesatemple.org\/event\/day-of-the-dead-celebration\/","url":"https:\/\/mesatemple.org\/event\/day-of-the-dead-celebration\/","name":"Day of the Dead Celebration - MesaTemple.org","isPartOf":{"@id":"https:\/\/mesatemple.org\/#website"},"primaryImageOfPage":{"@id":"https:\/\/mesatemple.org\/event\/day-of-the-dead-celebration\/#primaryimage"},"image":{"@id":"https:\/\/mesatemple.org\/event\/day-of-the-dead-celebration\/#primaryimage"},"thumbnailUrl":"https:\/\/mesatemple.org\/wp-content\/uploads\/2025\/10\/Day-of-the-Dead.png","datePublished":"2025-10-20T02:00:48+00:00","dateModified":"2026-09-02T16:29:15+00:00","breadcrumb":{"@id":"https:\/\/mesatemple.org\/event\/day-of-the-dead-celebration\/#breadcrumb"},"inLanguage":"es","potentialAction":[{"@type":"ReadAction","target":["https:\/\/mesatemple.org\/event\/day-of-the-dead-celebration\/"]}]},{"@type":"ImageObject","inLanguage":"es","@id":"https:\/\/mesatemple.org\/event\/day-of-the-dead-celebration\/#primaryimage","url":"https:\/\/mesatemple.org\/wp-content\/uploads\/2025\/10\/Day-of-the-Dead.png","contentUrl":"https:\/\/mesatemple.org\/wp-content\/uploads\/2025\/10\/Day-of-the-Dead.png","width":767,"height":516},{"@type":"BreadcrumbList","@id":"https:\/\/mesatemple.org\/event\/day-of-the-dead-celebration\/#breadcrumb","itemListElement":[{"@type":"ListItem","position":1,"name":"Home","item":"https:\/\/mesatemple.org\/"},{"@type":"ListItem","position":2,"name":"Events","item":"https:\/\/mesatemple.org\/ko\/event-calendar\/"},{"@type":"ListItem","position":3,"name":"Day of the Dead Celebration"}]},{"@type":"WebSite","@id":"https:\/\/mesatemple.org\/#website","url":"https:\/\/mesatemple.org\/","name":"MesaTemple.org","description":"Feel Welcome. Feel the Spirit. Feel Inspired.","publisher":{"@id":"https:\/\/mesatemple.org\/#organization"},"potentialAction":[{"@type":"SearchAction","target":{"@type":"EntryPoint","urlTemplate":"https:\/\/mesatemple.org\/?s={search_term_string}"},"query-input":{"@type":"PropertyValueSpecification","valueRequired":true,"valueName":"search_term_string"}}],"inLanguage":"es"},{"@type":"Organization","@id":"https:\/\/mesatemple.org\/#organization","name":"MesaTemple.org","url":"https:\/\/mesatemple.org\/","logo":{"@type":"ImageObject","inLanguage":"es","@id":"https:\/\/mesatemple.org\/#\/schema\/logo\/image\/","url":"https:\/\/mesatemple.org\/wp-content\/uploads\/2025\/07\/Mesa-Temple-Events-Logo-Color-3.webp","contentUrl":"https:\/\/mesatemple.org\/wp-content\/uploads\/2025\/07\/Mesa-Temple-Events-Logo-Color-3.webp","width":1920,"height":797,"caption":"MesaTemple.org"},"image":{"@id":"https:\/\/mesatemple.org\/#\/schema\/logo\/image\/"}}]}},"_links":{"self":[{"href":"https:\/\/mesatemple.org\/es\/wp-json\/wp\/v2\/tribe_events\/14833","targetHints":{"allow":["GET"]}}],"collection":[{"href":"https:\/\/mesatemple.org\/es\/wp-json\/wp\/v2\/tribe_events"}],"about":[{"href":"https:\/\/mesatemple.org\/es\/wp-json\/wp\/v2\/types\/tribe_events"}],"author":[{"embeddable":true,"href":"https:\/\/mesatemple.org\/es\/wp-json\/wp\/v2\/users\/23"}],"version-history":[{"count":1,"href":"https:\/\/mesatemple.org\/es\/wp-json\/wp\/v2\/tribe_events\/14833\/revisions"}],"predecessor-version":[{"id":14838,"href":"https:\/\/mesatemple.org\/es\/wp-json\/wp\/v2\/tribe_events\/14833\/revisions\/14838"}],"wp:featuredmedia":[{"embeddable":true,"href":"https:\/\/mesatemple.org\/es\/wp-json\/wp\/v2\/media\/14853"}],"wp:attachment":[{"href":"https:\/\/mesatemple.org\/es\/wp-json\/wp\/v2\/media?parent=14833"}],"wp:term":[{"taxonomy":"post_tag","embeddable":true,"href":"https:\/\/mesatemple.org\/es\/wp-json\/wp\/v2\/tags?post=14833"},{"taxonomy":"tribe_events_cat","embeddable":true,"href":"https:\/\/mesatemple.org\/es\/wp-json\/wp\/v2\/tribe_events_cat?post=14833"}],"curies":[{"name":"Gracias","href":"https:\/\/api.w.org\/{rel}","templated":true}]}},{"id":14592,"date":"2025-09-24T13:56:10","date_gmt":"2025-09-24T20:56:10","guid":{"rendered":"https:\/\/mesatemple.org\/?post_type=tribe_events&#038;p=14592"},"modified":"2026-08-31T11:13:44","modified_gmt":"2026-08-31T18:13:44","slug":"ballet-folklorico-la-llorona-hispanic-heritage-month","status":"publish","type":"tribe_events","link":"https:\/\/mesatemple.org\/es\/event\/ballet-folklorico-la-llorona-hispanic-heritage-month\/","title":{"rendered":"Ballet Folkl\u00f3rico La Llorona \u2013 Mes de la Herencia Hispana"},"content":{"rendered":"<p>El Centro de Visitantes del Templo de Mesa celebra la herencia hispana de nuestra comunidad con la m\u00fasica y la danza del Ballet Folkl\u00f3rico La Llorona. Esta danza tradicional entrelaza una rica historia, relatos, leyendas y cuentos a trav\u00e9s de intrincados pasos, m\u00fasica alegre y coloridos vestuarios. Bajo la direcci\u00f3n de la core\u00f3grafa Yvette Rasmussen, la velada contar\u00e1 con la participaci\u00f3n de bailarines de todas las edades que acaban de regresar de una gira por M\u00e9xico. \u00a1Acomp\u00e1\u00f1enos el jueves 24 de septiembre de 2026 a las 7:00 p. m. para descubrir la magia del Ballet Folkl\u00f3rico a trav\u00e9s de la palabra y la danza! Este evento es gratuito.<\/p>","protected":false},"excerpt":{"rendered":"<p>The Mesa Temple Visitors\u2019 Center celebrates our community\u2019s Hispanic heritage with the music and dance of Ballet Folkl\u00f3rico\u00a0La Llorona. This traditional dance form weaves together a tapestry of history, stories, [&hellip;]<\/p>\n","protected":false},"author":24,"featured_media":14593,"template":"","meta":{"_tribe_events_status":"","_tribe_events_status_reason":"","footnotes":""},"tags":[],"tribe_events_cat":[139,66],"class_list":["post-14592","tribe_events","type-tribe_events","status-publish","has-post-thumbnail","hentry","tribe_events_cat-heritage-series","tribe_events_cat-performances","cat_heritage-series","cat_performances","entry"],"yoast_head":"<!-- This site is optimized with the Yoast SEO plugin v28.4 - https:\/\/yoast.com\/product\/yoast-seo-wordpress\/ -->\n<title>Ballet Folkl\u00f3rico\u00a0La Llorona - Hispanic Heritage Month - MesaTemple.org<\/title>\n<meta name=\"robots\" content=\"index, follow, max-snippet:-1, max-image-preview:large, max-video-preview:-1\" \/>\n<link rel=\"canonical\" href=\"https:\/\/mesatemple.org\/es\/evento\/ballet-folklorico-la-llorona-hispanic-heritage-month\/\" \/>\n<meta property=\"og:locale\" content=\"es_MX\" \/>\n<meta property=\"og:type\" content=\"article\" \/>\n<meta property=\"og:title\" content=\"Ballet Folkl\u00f3rico\u00a0La Llorona - Hispanic Heritage Month - MesaTemple.org\" \/>\n<meta property=\"og:description\" content=\"The Mesa Temple Visitors\u2019 Center celebrates our community\u2019s Hispanic heritage with the music and dance of Ballet Folkl\u00f3rico\u00a0La Llorona. This traditional dance form weaves together a tapestry of history, stories, [&hellip;]\" \/>\n<meta property=\"og:url\" content=\"https:\/\/mesatemple.org\/es\/evento\/ballet-folklorico-la-llorona-hispanic-heritage-month\/\" \/>\n<meta property=\"og:site_name\" content=\"MesaTemple.org\" \/>\n<meta property=\"article:modified_time\" content=\"2026-08-31T18:13:44+00:00\" \/>\n<meta property=\"og:image\" content=\"https:\/\/mesatemple.org\/wp-content\/uploads\/2026\/08\/image001-e1787086553816.png\" \/>\n\t<meta property=\"og:image:width\" content=\"1042\" \/>\n\t<meta property=\"og:image:height\" content=\"444\" \/>\n\t<meta property=\"og:image:type\" content=\"image\/png\" \/>\n<meta name=\"twitter:card\" content=\"summary_large_image\" \/>\n<meta name=\"twitter:label1\" content=\"Tiempo de lectura\" \/>\n\t<meta name=\"twitter:data1\" content=\"1 minuto\" \/>\n<script type=\"application\/ld+json\" class=\"yoast-schema-graph\">{\"@context\":\"https:\\\/\\\/schema.org\",\"@graph\":[{\"@type\":\"WebPage\",\"@id\":\"https:\\\/\\\/mesatemple.org\\\/event\\\/ballet-folklorico-la-llorona-hispanic-heritage-month\\\/\",\"url\":\"https:\\\/\\\/mesatemple.org\\\/event\\\/ballet-folklorico-la-llorona-hispanic-heritage-month\\\/\",\"name\":\"Ballet Folkl\u00f3rico\u00a0La Llorona - Hispanic Heritage Month - MesaTemple.org\",\"isPartOf\":{\"@id\":\"https:\\\/\\\/mesatemple.org\\\/#website\"},\"primaryImageOfPage\":{\"@id\":\"https:\\\/\\\/mesatemple.org\\\/event\\\/ballet-folklorico-la-llorona-hispanic-heritage-month\\\/#primaryimage\"},\"image\":{\"@id\":\"https:\\\/\\\/mesatemple.org\\\/event\\\/ballet-folklorico-la-llorona-hispanic-heritage-month\\\/#primaryimage\"},\"thumbnailUrl\":\"https:\\\/\\\/mesatemple.org\\\/wp-content\\\/uploads\\\/2026\\\/08\\\/image001-e1787086553816.png\",\"datePublished\":\"2025-09-24T20:56:10+00:00\",\"dateModified\":\"2026-08-31T18:13:44+00:00\",\"breadcrumb\":{\"@id\":\"https:\\\/\\\/mesatemple.org\\\/event\\\/ballet-folklorico-la-llorona-hispanic-heritage-month\\\/#breadcrumb\"},\"inLanguage\":\"es\",\"potentialAction\":[{\"@type\":\"ReadAction\",\"target\":[\"https:\\\/\\\/mesatemple.org\\\/event\\\/ballet-folklorico-la-llorona-hispanic-heritage-month\\\/\"]}]},{\"@type\":\"ImageObject\",\"inLanguage\":\"es\",\"@id\":\"https:\\\/\\\/mesatemple.org\\\/event\\\/ballet-folklorico-la-llorona-hispanic-heritage-month\\\/#primaryimage\",\"url\":\"https:\\\/\\\/mesatemple.org\\\/wp-content\\\/uploads\\\/2026\\\/08\\\/image001-e1787086553816.png\",\"contentUrl\":\"https:\\\/\\\/mesatemple.org\\\/wp-content\\\/uploads\\\/2026\\\/08\\\/image001-e1787086553816.png\",\"width\":1042,\"height\":444},{\"@type\":\"BreadcrumbList\",\"@id\":\"https:\\\/\\\/mesatemple.org\\\/event\\\/ballet-folklorico-la-llorona-hispanic-heritage-month\\\/#breadcrumb\",\"itemListElement\":[{\"@type\":\"ListItem\",\"position\":1,\"name\":\"Home\",\"item\":\"https:\\\/\\\/mesatemple.org\\\/\"},{\"@type\":\"ListItem\",\"position\":2,\"name\":\"Events\",\"item\":\"https:\\\/\\\/mesatemple.org\\\/ko\\\/event-calendar\\\/\"},{\"@type\":\"ListItem\",\"position\":3,\"name\":\"Ballet Folkl\u00f3rico\u00a0La Llorona &#8211; Hispanic Heritage Month\"}]},{\"@type\":\"WebSite\",\"@id\":\"https:\\\/\\\/mesatemple.org\\\/#website\",\"url\":\"https:\\\/\\\/mesatemple.org\\\/\",\"name\":\"MesaTemple.org\",\"description\":\"Feel Welcome. Feel the Spirit. Feel Inspired.\",\"publisher\":{\"@id\":\"https:\\\/\\\/mesatemple.org\\\/#organization\"},\"potentialAction\":[{\"@type\":\"SearchAction\",\"target\":{\"@type\":\"EntryPoint\",\"urlTemplate\":\"https:\\\/\\\/mesatemple.org\\\/?s={search_term_string}\"},\"query-input\":{\"@type\":\"PropertyValueSpecification\",\"valueRequired\":true,\"valueName\":\"search_term_string\"}}],\"inLanguage\":\"es\"},{\"@type\":\"Organization\",\"@id\":\"https:\\\/\\\/mesatemple.org\\\/#organization\",\"name\":\"MesaTemple.org\",\"url\":\"https:\\\/\\\/mesatemple.org\\\/\",\"logo\":{\"@type\":\"ImageObject\",\"inLanguage\":\"es\",\"@id\":\"https:\\\/\\\/mesatemple.org\\\/#\\\/schema\\\/logo\\\/image\\\/\",\"url\":\"https:\\\/\\\/mesatemple.org\\\/wp-content\\\/uploads\\\/2025\\\/07\\\/Mesa-Temple-Events-Logo-Color-3.webp\",\"contentUrl\":\"https:\\\/\\\/mesatemple.org\\\/wp-content\\\/uploads\\\/2025\\\/07\\\/Mesa-Temple-Events-Logo-Color-3.webp\",\"width\":1920,\"height\":797,\"caption\":\"MesaTemple.org\"},\"image\":{\"@id\":\"https:\\\/\\\/mesatemple.org\\\/#\\\/schema\\\/logo\\\/image\\\/\"}}]}<\/script>\n<!-- \/ Yoast SEO plugin. -->","yoast_head_json":{"title":"Ballet Folkl\u00f3rico La Llorona - Mes de la Herencia Hispana - MesaTemple.org","robots":{"index":"index","follow":"follow","max-snippet":"max-snippet:-1","max-image-preview":"max-image-preview:large","max-video-preview":"max-video-preview:-1"},"canonical":"https:\/\/mesatemple.org\/es\/evento\/ballet-folklorico-la-llorona-hispanic-heritage-month\/","og_locale":"es_MX","og_type":"article","og_title":"Ballet Folkl\u00f3rico\u00a0La Llorona - Hispanic Heritage Month - MesaTemple.org","og_description":"The Mesa Temple Visitors\u2019 Center celebrates our community\u2019s Hispanic heritage with the music and dance of Ballet Folkl\u00f3rico\u00a0La Llorona. This traditional dance form weaves together a tapestry of history, stories, [&hellip;]","og_url":"https:\/\/mesatemple.org\/es\/evento\/ballet-folklorico-la-llorona-hispanic-heritage-month\/","og_site_name":"MesaTemple.org","article_modified_time":"2026-08-31T18:13:44+00:00","og_image":[{"width":1042,"height":444,"url":"https:\/\/mesatemple.org\/wp-content\/uploads\/2026\/08\/image001-e1787086553816.png","type":"image\/png"}],"twitter_card":"summary_large_image","twitter_misc":{"Tiempo de lectura":"1 minuto"},"schema":{"@context":"https:\/\/schema.org","@graph":[{"@type":"WebPage","@id":"https:\/\/mesatemple.org\/event\/ballet-folklorico-la-llorona-hispanic-heritage-month\/","url":"https:\/\/mesatemple.org\/event\/ballet-folklorico-la-llorona-hispanic-heritage-month\/","name":"Ballet Folkl\u00f3rico\u00a0La Llorona - Hispanic Heritage Month - MesaTemple.org","isPartOf":{"@id":"https:\/\/mesatemple.org\/#website"},"primaryImageOfPage":{"@id":"https:\/\/mesatemple.org\/event\/ballet-folklorico-la-llorona-hispanic-heritage-month\/#primaryimage"},"image":{"@id":"https:\/\/mesatemple.org\/event\/ballet-folklorico-la-llorona-hispanic-heritage-month\/#primaryimage"},"thumbnailUrl":"https:\/\/mesatemple.org\/wp-content\/uploads\/2026\/08\/image001-e1787086553816.png","datePublished":"2025-09-24T20:56:10+00:00","dateModified":"2026-08-31T18:13:44+00:00","breadcrumb":{"@id":"https:\/\/mesatemple.org\/event\/ballet-folklorico-la-llorona-hispanic-heritage-month\/#breadcrumb"},"inLanguage":"es","potentialAction":[{"@type":"ReadAction","target":["https:\/\/mesatemple.org\/event\/ballet-folklorico-la-llorona-hispanic-heritage-month\/"]}]},{"@type":"ImageObject","inLanguage":"es","@id":"https:\/\/mesatemple.org\/event\/ballet-folklorico-la-llorona-hispanic-heritage-month\/#primaryimage","url":"https:\/\/mesatemple.org\/wp-content\/uploads\/2026\/08\/image001-e1787086553816.png","contentUrl":"https:\/\/mesatemple.org\/wp-content\/uploads\/2026\/08\/image001-e1787086553816.png","width":1042,"height":444},{"@type":"BreadcrumbList","@id":"https:\/\/mesatemple.org\/event\/ballet-folklorico-la-llorona-hispanic-heritage-month\/#breadcrumb","itemListElement":[{"@type":"ListItem","position":1,"name":"Home","item":"https:\/\/mesatemple.org\/"},{"@type":"ListItem","position":2,"name":"Events","item":"https:\/\/mesatemple.org\/ko\/event-calendar\/"},{"@type":"ListItem","position":3,"name":"Ballet Folkl\u00f3rico\u00a0La Llorona &#8211; Hispanic Heritage Month"}]},{"@type":"WebSite","@id":"https:\/\/mesatemple.org\/#website","url":"https:\/\/mesatemple.org\/","name":"MesaTemple.org","description":"Feel Welcome. Feel the Spirit. Feel Inspired.","publisher":{"@id":"https:\/\/mesatemple.org\/#organization"},"potentialAction":[{"@type":"SearchAction","target":{"@type":"EntryPoint","urlTemplate":"https:\/\/mesatemple.org\/?s={search_term_string}"},"query-input":{"@type":"PropertyValueSpecification","valueRequired":true,"valueName":"search_term_string"}}],"inLanguage":"es"},{"@type":"Organization","@id":"https:\/\/mesatemple.org\/#organization","name":"MesaTemple.org","url":"https:\/\/mesatemple.org\/","logo":{"@type":"ImageObject","inLanguage":"es","@id":"https:\/\/mesatemple.org\/#\/schema\/logo\/image\/","url":"https:\/\/mesatemple.org\/wp-content\/uploads\/2025\/07\/Mesa-Temple-Events-Logo-Color-3.webp","contentUrl":"https:\/\/mesatemple.org\/wp-content\/uploads\/2025\/07\/Mesa-Temple-Events-Logo-Color-3.webp","width":1920,"height":797,"caption":"MesaTemple.org"},"image":{"@id":"https:\/\/mesatemple.org\/#\/schema\/logo\/image\/"}}]}},"_links":{"self":[{"href":"https:\/\/mesatemple.org\/es\/wp-json\/wp\/v2\/tribe_events\/14592","targetHints":{"allow":["GET"]}}],"collection":[{"href":"https:\/\/mesatemple.org\/es\/wp-json\/wp\/v2\/tribe_events"}],"about":[{"href":"https:\/\/mesatemple.org\/es\/wp-json\/wp\/v2\/types\/tribe_events"}],"author":[{"embeddable":true,"href":"https:\/\/mesatemple.org\/es\/wp-json\/wp\/v2\/users\/24"}],"version-history":[{"count":1,"href":"https:\/\/mesatemple.org\/es\/wp-json\/wp\/v2\/tribe_events\/14592\/revisions"}],"predecessor-version":[{"id":14594,"href":"https:\/\/mesatemple.org\/es\/wp-json\/wp\/v2\/tribe_events\/14592\/revisions\/14594"}],"wp:featuredmedia":[{"embeddable":true,"href":"https:\/\/mesatemple.org\/es\/wp-json\/wp\/v2\/media\/14593"}],"wp:attachment":[{"href":"https:\/\/mesatemple.org\/es\/wp-json\/wp\/v2\/media?parent=14592"}],"wp:term":[{"taxonomy":"post_tag","embeddable":true,"href":"https:\/\/mesatemple.org\/es\/wp-json\/wp\/v2\/tags?post=14592"},{"taxonomy":"tribe_events_cat","embeddable":true,"href":"https:\/\/mesatemple.org\/es\/wp-json\/wp\/v2\/tribe_events_cat?post=14592"}],"curies":[{"name":"Gracias","href":"https:\/\/api.w.org\/{rel}","templated":true}]}},{"id":14597,"date":"2025-09-06T14:01:47","date_gmt":"2025-09-06T21:01:47","guid":{"rendered":"https:\/\/mesatemple.org\/?post_type=tribe_events&#038;p=14597"},"modified":"2026-09-03T12:47:37","modified_gmt":"2026-09-03T19:47:37","slug":"sunday-recital-series-mesa-temple-events-music-committee-september-6-2026","status":"publish","type":"tribe_events","link":"https:\/\/mesatemple.org\/es\/event\/sunday-recital-series-mesa-temple-events-music-committee-september-6-2026\/","title":{"rendered":"Ciclo de recitales dominicales: Comit\u00e9 de M\u00fasica de Eventos del Templo de Mesa \u2013 6 de septiembre de 2026"},"content":{"rendered":"<p><span style=\"font-weight: 400;\">\u00a1Vengan a conocer al nuevo comit\u00e9 musical que supervisa nuestro ciclo de recitales!<\/span><\/p>\n<p><span style=\"font-weight: 400;\">Holly Andersen es principalmente violinista y ha actuado y ense\u00f1ado en escuelas p\u00fablicas y a trav\u00e9s de clases particulares en el valle durante m\u00e1s de 24 a\u00f1os. Como orgullosa madre de alumnos destacados, Holly est\u00e1 encantada de incluir a algunos de sus hijos en el programa.<\/span><\/p>\n<p><span style=\"font-weight: 400;\">Valerie Harris es organista de conciertos, pedagoga y presentadora, y se presenta en Estados Unidos y Europa. Como solista invitada habitual, inspira a m\u00fasicos a trav\u00e9s de sus interpretaciones, la ense\u00f1anza y la divulgaci\u00f3n.<\/span><\/p>\n<p><span style=\"font-weight: 400;\">Brent Jorgensen lleva m\u00e1s de 30 a\u00f1os arreglando m\u00fasica sacra. Sus arreglos son interpretados con frecuencia por pianistas, organistas, coros e instrumentistas de todas las edades en toda la Iglesia.<\/span><\/p>\n<p><span style=\"font-weight: 400;\">Kendra Halterman es cantante y profesora de canto. Ha dedicado su vida a actuar como solista, en musicales y con coros. Le llena de alegr\u00eda que todos sus hijos compartan su pasi\u00f3n por el canto y la interpretaci\u00f3n, tanto en familia como individualmente.<\/span><\/p>\n<p><span style=\"font-weight: 400;\">Stan Mayo, nuestro t\u00e9cnico de sonido, lleva m\u00e1s de 20 a\u00f1os pinchando en eventos por todo el valle. \u00a1\u00c9l se encargar\u00e1 de gestionar nuestro nuevo equipo de sonido y de que cada artista suene de maravilla!<\/span><\/p>\n<p><img loading=\"lazy\" decoding=\"async\" class=\"alignnone size-medium wp-image-14880\" src=\"https:\/\/mesatemple.org\/wp-content\/uploads\/2026\/09\/committee-webiste-1-300x169.png\" alt=\"\" width=\"300\" height=\"169\" srcset=\"https:\/\/mesatemple.org\/wp-content\/uploads\/2026\/09\/committee-webiste-1-300x169.png 300w, https:\/\/mesatemple.org\/wp-content\/uploads\/2026\/09\/committee-webiste-1-1024x576.png 1024w, https:\/\/mesatemple.org\/wp-content\/uploads\/2026\/09\/committee-webiste-1-768x432.png 768w, https:\/\/mesatemple.org\/wp-content\/uploads\/2026\/09\/committee-webiste-1-18x10.png 18w, https:\/\/mesatemple.org\/wp-content\/uploads\/2026\/09\/committee-webiste-1.png 1152w\" sizes=\"(max-width: 300px) 100vw, 300px\" \/><\/p>","protected":false},"excerpt":{"rendered":"<p>Come meet the new music committee overseeing our recital series! Holly Andersen is primarily a violinist and has performed and taught in public schools and through private lessons in the [&hellip;]<\/p>\n","protected":false},"author":30,"featured_media":14880,"template":"","meta":{"_tribe_events_status":"","_tribe_events_status_reason":"","footnotes":""},"tags":[179],"tribe_events_cat":[88,119,90],"class_list":["post-14597","tribe_events","type-tribe_events","status-publish","has-post-thumbnail","hentry","tag-mesa-temple-visitors-center-2","tribe_events_cat-mesa-temple","tribe_events_cat-sunday-evening-recitals","tribe_events_cat-visitors-center","cat_mesa-temple","cat_sunday-evening-recitals","cat_visitors-center","entry"],"yoast_head":"<!-- This site is optimized with the Yoast SEO plugin v28.4 - https:\/\/yoast.com\/product\/yoast-seo-wordpress\/ -->\n<title>Sunday Recital Series: Mesa Temple Events Music Committee - September 6, 2026 - MesaTemple.org<\/title>\n<meta name=\"robots\" content=\"index, follow, max-snippet:-1, max-image-preview:large, max-video-preview:-1\" \/>\n<link rel=\"canonical\" href=\"https:\/\/mesatemple.org\/es\/evento\/sunday-recital-series-mesa-temple-events-music-committee-september-6-2026\/\" \/>\n<meta property=\"og:locale\" content=\"es_MX\" \/>\n<meta property=\"og:type\" content=\"article\" \/>\n<meta property=\"og:title\" content=\"Sunday Recital Series: Mesa Temple Events Music Committee - September 6, 2026 - MesaTemple.org\" \/>\n<meta property=\"og:description\" content=\"Come meet the new music committee overseeing our recital series! Holly Andersen is primarily a violinist and has performed and taught in public schools and through private lessons in the [&hellip;]\" \/>\n<meta property=\"og:url\" content=\"https:\/\/mesatemple.org\/es\/evento\/sunday-recital-series-mesa-temple-events-music-committee-september-6-2026\/\" \/>\n<meta property=\"og:site_name\" content=\"MesaTemple.org\" \/>\n<meta property=\"article:modified_time\" content=\"2026-09-03T19:47:37+00:00\" \/>\n<meta property=\"og:image\" content=\"https:\/\/mesatemple.org\/wp-content\/uploads\/2026\/09\/committee-webiste-1.png\" \/>\n\t<meta property=\"og:image:width\" content=\"1152\" \/>\n\t<meta property=\"og:image:height\" content=\"648\" \/>\n\t<meta property=\"og:image:type\" content=\"image\/png\" \/>\n<meta name=\"twitter:card\" content=\"summary_large_image\" \/>\n<meta name=\"twitter:label1\" content=\"Tiempo de lectura\" \/>\n\t<meta name=\"twitter:data1\" content=\"2 minutos\" \/>\n<script type=\"application\/ld+json\" class=\"yoast-schema-graph\">{\"@context\":\"https:\\\/\\\/schema.org\",\"@graph\":[{\"@type\":\"WebPage\",\"@id\":\"https:\\\/\\\/mesatemple.org\\\/event\\\/sunday-recital-series-mesa-temple-events-music-committee-september-6-2026\\\/\",\"url\":\"https:\\\/\\\/mesatemple.org\\\/event\\\/sunday-recital-series-mesa-temple-events-music-committee-september-6-2026\\\/\",\"name\":\"Sunday Recital Series: Mesa Temple Events Music Committee - September 6, 2026 - MesaTemple.org\",\"isPartOf\":{\"@id\":\"https:\\\/\\\/mesatemple.org\\\/#website\"},\"primaryImageOfPage\":{\"@id\":\"https:\\\/\\\/mesatemple.org\\\/event\\\/sunday-recital-series-mesa-temple-events-music-committee-september-6-2026\\\/#primaryimage\"},\"image\":{\"@id\":\"https:\\\/\\\/mesatemple.org\\\/event\\\/sunday-recital-series-mesa-temple-events-music-committee-september-6-2026\\\/#primaryimage\"},\"thumbnailUrl\":\"https:\\\/\\\/mesatemple.org\\\/wp-content\\\/uploads\\\/2026\\\/09\\\/committee-webiste-1.png\",\"datePublished\":\"2025-09-06T21:01:47+00:00\",\"dateModified\":\"2026-09-03T19:47:37+00:00\",\"breadcrumb\":{\"@id\":\"https:\\\/\\\/mesatemple.org\\\/event\\\/sunday-recital-series-mesa-temple-events-music-committee-september-6-2026\\\/#breadcrumb\"},\"inLanguage\":\"es\",\"potentialAction\":[{\"@type\":\"ReadAction\",\"target\":[\"https:\\\/\\\/mesatemple.org\\\/event\\\/sunday-recital-series-mesa-temple-events-music-committee-september-6-2026\\\/\"]}]},{\"@type\":\"ImageObject\",\"inLanguage\":\"es\",\"@id\":\"https:\\\/\\\/mesatemple.org\\\/event\\\/sunday-recital-series-mesa-temple-events-music-committee-september-6-2026\\\/#primaryimage\",\"url\":\"https:\\\/\\\/mesatemple.org\\\/wp-content\\\/uploads\\\/2026\\\/09\\\/committee-webiste-1.png\",\"contentUrl\":\"https:\\\/\\\/mesatemple.org\\\/wp-content\\\/uploads\\\/2026\\\/09\\\/committee-webiste-1.png\",\"width\":1152,\"height\":648},{\"@type\":\"BreadcrumbList\",\"@id\":\"https:\\\/\\\/mesatemple.org\\\/event\\\/sunday-recital-series-mesa-temple-events-music-committee-september-6-2026\\\/#breadcrumb\",\"itemListElement\":[{\"@type\":\"ListItem\",\"position\":1,\"name\":\"Home\",\"item\":\"https:\\\/\\\/mesatemple.org\\\/\"},{\"@type\":\"ListItem\",\"position\":2,\"name\":\"Events\",\"item\":\"https:\\\/\\\/mesatemple.org\\\/ko\\\/event-calendar\\\/\"},{\"@type\":\"ListItem\",\"position\":3,\"name\":\"Sunday Recital Series: Mesa Temple Events Music Committee &#8211; September 6, 2026\"}]},{\"@type\":\"WebSite\",\"@id\":\"https:\\\/\\\/mesatemple.org\\\/#website\",\"url\":\"https:\\\/\\\/mesatemple.org\\\/\",\"name\":\"MesaTemple.org\",\"description\":\"Feel Welcome. Feel the Spirit. Feel Inspired.\",\"publisher\":{\"@id\":\"https:\\\/\\\/mesatemple.org\\\/#organization\"},\"potentialAction\":[{\"@type\":\"SearchAction\",\"target\":{\"@type\":\"EntryPoint\",\"urlTemplate\":\"https:\\\/\\\/mesatemple.org\\\/?s={search_term_string}\"},\"query-input\":{\"@type\":\"PropertyValueSpecification\",\"valueRequired\":true,\"valueName\":\"search_term_string\"}}],\"inLanguage\":\"es\"},{\"@type\":\"Organization\",\"@id\":\"https:\\\/\\\/mesatemple.org\\\/#organization\",\"name\":\"MesaTemple.org\",\"url\":\"https:\\\/\\\/mesatemple.org\\\/\",\"logo\":{\"@type\":\"ImageObject\",\"inLanguage\":\"es\",\"@id\":\"https:\\\/\\\/mesatemple.org\\\/#\\\/schema\\\/logo\\\/image\\\/\",\"url\":\"https:\\\/\\\/mesatemple.org\\\/wp-content\\\/uploads\\\/2025\\\/07\\\/Mesa-Temple-Events-Logo-Color-3.webp\",\"contentUrl\":\"https:\\\/\\\/mesatemple.org\\\/wp-content\\\/uploads\\\/2025\\\/07\\\/Mesa-Temple-Events-Logo-Color-3.webp\",\"width\":1920,\"height\":797,\"caption\":\"MesaTemple.org\"},\"image\":{\"@id\":\"https:\\\/\\\/mesatemple.org\\\/#\\\/schema\\\/logo\\\/image\\\/\"}}]}<\/script>\n<!-- \/ Yoast SEO plugin. -->","yoast_head_json":{"title":"Ciclo de recitales dominicales: Comit\u00e9 de M\u00fasica de Eventos del Templo de Mesa - 6 de septiembre de 2026 - MesaTemple.org","robots":{"index":"index","follow":"follow","max-snippet":"max-snippet:-1","max-image-preview":"max-image-preview:large","max-video-preview":"max-video-preview:-1"},"canonical":"https:\/\/mesatemple.org\/es\/evento\/sunday-recital-series-mesa-temple-events-music-committee-september-6-2026\/","og_locale":"es_MX","og_type":"article","og_title":"Sunday Recital Series: Mesa Temple Events Music Committee - September 6, 2026 - MesaTemple.org","og_description":"Come meet the new music committee overseeing our recital series! Holly Andersen is primarily a violinist and has performed and taught in public schools and through private lessons in the [&hellip;]","og_url":"https:\/\/mesatemple.org\/es\/evento\/sunday-recital-series-mesa-temple-events-music-committee-september-6-2026\/","og_site_name":"MesaTemple.org","article_modified_time":"2026-09-03T19:47:37+00:00","og_image":[{"width":1152,"height":648,"url":"https:\/\/mesatemple.org\/wp-content\/uploads\/2026\/09\/committee-webiste-1.png","type":"image\/png"}],"twitter_card":"summary_large_image","twitter_misc":{"Tiempo de lectura":"2 minutos"},"schema":{"@context":"https:\/\/schema.org","@graph":[{"@type":"WebPage","@id":"https:\/\/mesatemple.org\/event\/sunday-recital-series-mesa-temple-events-music-committee-september-6-2026\/","url":"https:\/\/mesatemple.org\/event\/sunday-recital-series-mesa-temple-events-music-committee-september-6-2026\/","name":"Sunday Recital Series: Mesa Temple Events Music Committee - September 6, 2026 - MesaTemple.org","isPartOf":{"@id":"https:\/\/mesatemple.org\/#website"},"primaryImageOfPage":{"@id":"https:\/\/mesatemple.org\/event\/sunday-recital-series-mesa-temple-events-music-committee-september-6-2026\/#primaryimage"},"image":{"@id":"https:\/\/mesatemple.org\/event\/sunday-recital-series-mesa-temple-events-music-committee-september-6-2026\/#primaryimage"},"thumbnailUrl":"https:\/\/mesatemple.org\/wp-content\/uploads\/2026\/09\/committee-webiste-1.png","datePublished":"2025-09-06T21:01:47+00:00","dateModified":"2026-09-03T19:47:37+00:00","breadcrumb":{"@id":"https:\/\/mesatemple.org\/event\/sunday-recital-series-mesa-temple-events-music-committee-september-6-2026\/#breadcrumb"},"inLanguage":"es","potentialAction":[{"@type":"ReadAction","target":["https:\/\/mesatemple.org\/event\/sunday-recital-series-mesa-temple-events-music-committee-september-6-2026\/"]}]},{"@type":"ImageObject","inLanguage":"es","@id":"https:\/\/mesatemple.org\/event\/sunday-recital-series-mesa-temple-events-music-committee-september-6-2026\/#primaryimage","url":"https:\/\/mesatemple.org\/wp-content\/uploads\/2026\/09\/committee-webiste-1.png","contentUrl":"https:\/\/mesatemple.org\/wp-content\/uploads\/2026\/09\/committee-webiste-1.png","width":1152,"height":648},{"@type":"BreadcrumbList","@id":"https:\/\/mesatemple.org\/event\/sunday-recital-series-mesa-temple-events-music-committee-september-6-2026\/#breadcrumb","itemListElement":[{"@type":"ListItem","position":1,"name":"Home","item":"https:\/\/mesatemple.org\/"},{"@type":"ListItem","position":2,"name":"Events","item":"https:\/\/mesatemple.org\/ko\/event-calendar\/"},{"@type":"ListItem","position":3,"name":"Sunday Recital Series: Mesa Temple Events Music Committee &#8211; September 6, 2026"}]},{"@type":"WebSite","@id":"https:\/\/mesatemple.org\/#website","url":"https:\/\/mesatemple.org\/","name":"MesaTemple.org","description":"Feel Welcome. Feel the Spirit. Feel Inspired.","publisher":{"@id":"https:\/\/mesatemple.org\/#organization"},"potentialAction":[{"@type":"SearchAction","target":{"@type":"EntryPoint","urlTemplate":"https:\/\/mesatemple.org\/?s={search_term_string}"},"query-input":{"@type":"PropertyValueSpecification","valueRequired":true,"valueName":"search_term_string"}}],"inLanguage":"es"},{"@type":"Organization","@id":"https:\/\/mesatemple.org\/#organization","name":"MesaTemple.org","url":"https:\/\/mesatemple.org\/","logo":{"@type":"ImageObject","inLanguage":"es","@id":"https:\/\/mesatemple.org\/#\/schema\/logo\/image\/","url":"https:\/\/mesatemple.org\/wp-content\/uploads\/2025\/07\/Mesa-Temple-Events-Logo-Color-3.webp","contentUrl":"https:\/\/mesatemple.org\/wp-content\/uploads\/2025\/07\/Mesa-Temple-Events-Logo-Color-3.webp","width":1920,"height":797,"caption":"MesaTemple.org"},"image":{"@id":"https:\/\/mesatemple.org\/#\/schema\/logo\/image\/"}}]}},"_links":{"self":[{"href":"https:\/\/mesatemple.org\/es\/wp-json\/wp\/v2\/tribe_events\/14597","targetHints":{"allow":["GET"]}}],"collection":[{"href":"https:\/\/mesatemple.org\/es\/wp-json\/wp\/v2\/tribe_events"}],"about":[{"href":"https:\/\/mesatemple.org\/es\/wp-json\/wp\/v2\/types\/tribe_events"}],"author":[{"embeddable":true,"href":"https:\/\/mesatemple.org\/es\/wp-json\/wp\/v2\/users\/30"}],"version-history":[{"count":4,"href":"https:\/\/mesatemple.org\/es\/wp-json\/wp\/v2\/tribe_events\/14597\/revisions"}],"predecessor-version":[{"id":14881,"href":"https:\/\/mesatemple.org\/es\/wp-json\/wp\/v2\/tribe_events\/14597\/revisions\/14881"}],"wp:featuredmedia":[{"embeddable":true,"href":"https:\/\/mesatemple.org\/es\/wp-json\/wp\/v2\/media\/14880"}],"wp:attachment":[{"href":"https:\/\/mesatemple.org\/es\/wp-json\/wp\/v2\/media?parent=14597"}],"wp:term":[{"taxonomy":"post_tag","embeddable":true,"href":"https:\/\/mesatemple.org\/es\/wp-json\/wp\/v2\/tags?post=14597"},{"taxonomy":"tribe_events_cat","embeddable":true,"href":"https:\/\/mesatemple.org\/es\/wp-json\/wp\/v2\/tribe_events_cat?post=14597"}],"curies":[{"name":"Gracias","href":"https:\/\/api.w.org\/{rel}","templated":true}]}}]